{"id":1335,"date":"2023-08-10T11:28:59","date_gmt":"2023-08-10T11:28:59","guid":{"rendered":"https:\/\/www.hospitalelcalafate.gob.ar\/?page_id=1335"},"modified":"2026-01-15T15:45:03","modified_gmt":"2026-01-15T18:45:03","slug":"institucional","status":"publish","type":"page","link":"https:\/\/www.hospitalelcalafate.gob.ar\/?page_id=1335","title":{"rendered":"Institucional"},"content":{"rendered":"\n<div class=\"wp-block-cover alignfull\" style=\"min-height:100px;aspect-ratio:unset;\"><img loading=\"lazy\" decoding=\"async\" width=\"1200\" height=\"150\" class=\"wp-block-cover__image-background wp-image-3524\" alt=\"\" src=\"https:\/\/www.hospitalelcalafate.gob.ar\/wp-content\/uploads\/2024\/07\/FondoTituloRelieveAzul.png\" data-object-fit=\"cover\" srcset=\"https:\/\/www.hospitalelcalafate.gob.ar\/wp-content\/uploads\/2024\/07\/FondoTituloRelieveAzul.png 1200w, https:\/\/www.hospitalelcalafate.gob.ar\/wp-content\/uploads\/2024\/07\/FondoTituloRelieveAzul-300x38.png 300w, https:\/\/www.hospitalelcalafate.gob.ar\/wp-content\/uploads\/2024\/07\/FondoTituloRelieveAzul-1024x128.png 1024w, https:\/\/www.hospitalelcalafate.gob.ar\/wp-content\/uploads\/2024\/07\/FondoTituloRelieveAzul-768x96.png 768w\" sizes=\"auto, (max-width: 1200px) 100vw, 1200px\" \/><span aria-hidden=\"true\" class=\"wp-block-cover__background has-background-dim-20 has-background-dim\" style=\"background-color:#002243\"><\/span><div class=\"wp-block-cover__inner-container is-layout-flow wp-block-cover-is-layout-flow\">\n<h2 class=\"wp-block-heading has-text-align-center has-ast-global-color-5-color has-text-color has-link-color has-large-font-size wp-elements-336f72f1ab1f2715200fab52a009b262\">Informaci\u00f3n Institucional<\/h2>\n<\/div><\/div>\n\n\n\n<div class=\"wp-block-uagb-tabs uagb-block-fdb8f8ee uagb-tabs__wrap uagb-tabs__hstyle3-desktop uagb-tabs__vstyle6-tablet uagb-tabs__stack4-mobile\" data-tab-active=\"0\"><ul class=\"uagb-tabs__panel uagb-tabs__align-left\" role=\"tablist\"><li class=\"uagb-tab uagb-tabs__active\" role=\"none\"><a href=\"#uagb-tabs__tab0\" class=\"uagb-tabs-list uagb-tabs__icon-position-left\" data-tab=\"0\" role=\"tab\"><div>Misi\u00f3n<\/div><\/a><\/li><li class=\"uagb-tab \" role=\"none\"><a href=\"#uagb-tabs__tab1\" class=\"uagb-tabs-list uagb-tabs__icon-position-left\" data-tab=\"1\" role=\"tab\"><div>Visi\u00f3n<\/div><\/a><\/li><li class=\"uagb-tab \" role=\"none\"><a href=\"#uagb-tabs__tab2\" class=\"uagb-tabs-list uagb-tabs__icon-position-left\" data-tab=\"2\" role=\"tab\"><div>Valores<\/div><\/a><\/li><\/ul><div class=\"uagb-tabs__body-wrap\">\n<div class=\"wp-block-uagb-tabs-child uagb-tabs__body-container uagb-inner-tab-0\" aria-labelledby=\"uagb-tabs__tab0\">\n<p>Garantizar el acceso al Derecho de la Salud a trav\u00e9s de la provisi\u00f3n de servicios de atenci\u00f3n individual y grupal, promocion de la salud e igualdad, prevenci\u00f3n de enfermedades, investigaci\u00f3n y desarrollo de ciencia y tecnolog\u00eda ; articulaci\u00f3n de los actores del sistema, con el fin de garantizar la accesibilidad al sistema sanitario.<\/p>\n<\/div>\n\n\n\n<div class=\"wp-block-uagb-tabs-child uagb-tabs__body-container uagb-inner-tab-1\" aria-labelledby=\"uagb-tabs__tab1\">\n<p>El Hospital SAMIC El Calafate trabaja con una fuerte impronta comunitaria y alta tecnolog\u00eda, aspirando a brindar una atencion de excelencia a todo El Calafate y la regi\u00f3n. Impulsor de un modelo innovador de prestaci\u00f3n, con un perfil altamente comunitario, con trabajo en terreno y con servicios de salud especializados.<\/p>\n<\/div>\n\n\n\n<div class=\"wp-block-uagb-tabs-child uagb-tabs__body-container uagb-inner-tab-2\" aria-labelledby=\"uagb-tabs__tab2\">\n<p>Respeto por la Persona: la comunidad con centro del sistema de salud.<\/p>\n\n\n\n<p>Profesionalismo: integridad, proceder con rectitud, honradez y respeto por el usuario.<\/p>\n\n\n\n<p>Eficiencia: Esfuerzo de estar oportunamente en el lugar adecuado y cumpliendo las normas del Hospital y objetivos socio-sanitarios comprometidos con la poblaci\u00f3n de El Calafate y su zona de influencia.<\/p>\n<\/div>\n<\/div><\/div>\n\n\n\n<div class=\"wp-block-columns alignfull has-ast-global-color-6-background-color has-background uag-hide-mob is-layout-flex wp-container-core-columns-is-layout-ee58c784 wp-block-columns-is-layout-flex\" style=\"padding-right:130px;padding-left:130px\">\n<div class=\"wp-block-column is-layout-flow wp-block-column-is-layout-flow\" style=\"flex-basis:66.66%\">\n<h2 class=\"wp-block-heading\">Lineas Estrat\u00e9gicas<\/h2>\n\n\n\n<p>Con el objetivo de mejorar los resultados en salud y la calidad de vida de las personas que viven en El Calafate, y articular en Red para este objetivo a nivel provincial.<br>Las l\u00edneas estrat\u00e9gicas generales identificadas para trabajar son:<\/p>\n\n\n\n<ol class=\"wp-block-list\">\n<li><strong>Las personas como eje central<\/strong>, desigualdades en salud y dificultades en el acceso al sistema sanitario, humanizaci\u00f3n de la atenci\u00f3n.<\/li>\n\n\n\n<li><strong>Concepto de Co- responsabilidad<\/strong>, abordajes comunitarios, prevenci\u00f3n y promoci\u00f3n de la salud.<\/li>\n\n\n\n<li><strong>Abordajes comunitarios<\/strong>&nbsp;enfermedades cr\u00f3nicas y comunitarias envejecimiento, internaci\u00f3n domiciliaria, cirug\u00edas ambulatorias<\/li>\n\n\n\n<li><strong>Trabajo en red<\/strong>&nbsp;en los diferentes niveles, local provincial y Nacional.<\/li>\n\n\n\n<li><strong>Consolidaci\u00f3n de la organizaci\u00f3n interna<\/strong>. El trabajador de salud como un eje fundamental cuidando su bienestar biol\u00f3gico psicol\u00f3gico y social, asegurando las herramientas necesarias para su crecimiento acad\u00e9mico a trav\u00e9s de las capacitaciones.<\/li>\n<\/ol>\n<\/div>\n\n\n\n<div class=\"wp-block-column is-vertically-aligned-center is-layout-flow wp-block-column-is-layout-flow\" style=\"flex-basis:33.33%\">\n<figure class=\"wp-block-embed aligncenter is-type-video is-provider-youtube wp-block-embed-youtube wp-embed-aspect-16-9 wp-has-aspect-ratio\"><div class=\"wp-block-embed__wrapper\">\n<div class=\"ast-oembed-container \" style=\"height: 100%;\"><iframe loading=\"lazy\" title=\"Las 5 L\u00edneas Estrat\u00e9gicas del SAMIC\" width=\"500\" height=\"281\" src=\"https:\/\/www.youtube.com\/embed\/SzEQD6aVkOw?feature=oembed\" frameborder=\"0\" allow=\"accelerometer; autoplay; clipboard-write; encrypted-media; gyroscope; picture-in-picture; web-share\" referrerpolicy=\"strict-origin-when-cross-origin\" allowfullscreen><\/iframe><\/div>\n<\/div><\/figure>\n<\/div>\n<\/div>\n\n\n\n<h2 class=\"wp-block-heading alignwide has-text-align-center has-ast-global-color-5-background-color has-background\" style=\"margin-top:100px;margin-bottom:0\">Consejo de Administraci\u00f3n<\/h2>\n\n\n\n<div class=\"wp-block-uagb-container uagb-block-c06c85e3 default uagb-is-root-container\"><div class=\"uagb-container__shape uagb-container__shape-top\"><svg xmlns=\"https:\/\/www.w3.org\/2000\/svg\" viewBox=\"0 0 283.5 19.6\" preserveAspectRatio=\"none\"><path class=\"uagb-container__shape-fill\" opacity=\"0.33\" d=\"M0 0L0 18.8 141.8 4.1 283.5 18.8 283.5 0z\"><\/path><path class=\"uagb-container__shape-fill\" opacity=\"0.33\" d=\"M0 0L0 12.6 141.8 4 283.5 12.6 283.5 0z\"><\/path><path class=\"uagb-container__shape-fill\" opacity=\"0.33\" d=\"M0 0L0 6.4 141.8 4 283.5 6.4 283.5 0z\"><\/path><path class=\"uagb-container__shape-fill\" d=\"M0 0L0 1.2 141.8 4 283.5 1.2 283.5 0z\"><\/path><\/svg><\/div><div class=\"uagb-container__shape uagb-container__shape-bottom uagb-container__invert\" data-negative=\"false\"><svg xmlns=\"https:\/\/www.w3.org\/2000\/svg\" viewBox=\"0 0 283.5 19.6\" preserveAspectRatio=\"none\"><path class=\"uagb-container__shape-fill\" opacity=\"0.33\" d=\"M0 0L0 18.8 141.8 4.1 283.5 18.8 283.5 0z\"><\/path><path class=\"uagb-container__shape-fill\" opacity=\"0.33\" d=\"M0 0L0 12.6 141.8 4 283.5 12.6 283.5 0z\"><\/path><path class=\"uagb-container__shape-fill\" opacity=\"0.33\" d=\"M0 0L0 6.4 141.8 4 283.5 6.4 283.5 0z\"><\/path><path class=\"uagb-container__shape-fill\" d=\"M0 0L0 1.2 141.8 4 283.5 1.2 283.5 0z\"><\/path><\/svg><\/div>\n<div class=\"wp-block-uagb-container uagb-block-57ab0789\">\n<div class=\"wp-block-uagb-info-box uagb-block-d86a24ce uagb-infobox__content-wrap  uagb-infobox-icon-above-title uagb-infobox-image-valign-top\"><div class=\"uagb-ifb-content\"><div class=\"uagb-ifb-title-wrap\"><h3 class=\"uagb-ifb-title\"><br>Dr. Luis Gim\u00e9nez<\/h3><\/div><p class=\"uagb-ifb-desc\">Representante por Naci\u00f3n<\/p><\/div><\/div>\n<\/div>\n\n\n\n<div class=\"wp-block-uagb-container uagb-block-3d01c59e\">\n<div class=\"wp-block-uagb-info-box uagb-block-e0f7d73e uagb-infobox__content-wrap  uagb-infobox-icon-above-title uagb-infobox-image-valign-top\"><div class=\"uagb-ifb-content\"><div class=\"uagb-ifb-title-wrap\"><h3 class=\"uagb-ifb-title\">Abog. Yamila Gentile<\/h3><\/div><p class=\"uagb-ifb-desc\">Presidente <br>Representante por Naci\u00f3n<\/p><\/div><\/div>\n<\/div>\n\n\n\n<div class=\"wp-block-uagb-container uagb-block-dad9f9b7\">\n<div class=\"wp-block-uagb-info-box uagb-block-7ae539eb uagb-infobox__content-wrap  uagb-infobox-icon-above-title uagb-infobox-image-valign-top\"><div class=\"uagb-ifb-content\"><div class=\"uagb-ifb-title-wrap\"><h3 class=\"uagb-ifb-title\">Lic. Natalia Moreno<\/h3><\/div><p class=\"uagb-ifb-desc\">Representante por Naci\u00f3n<\/p><\/div><\/div>\n<\/div>\n\n\n\n<div class=\"wp-block-uagb-container uagb-block-9073d9d6\">\n<div class=\"wp-block-uagb-info-box uagb-block-7e724c84 uagb-infobox__content-wrap  uagb-infobox-icon-above-title uagb-infobox-image-valign-top\"><div class=\"uagb-ifb-content\"><div class=\"uagb-ifb-title-wrap\"><h3 class=\"uagb-ifb-title\">Dra. Agustina Heredia Mart\u00ednez<\/h3><\/div><p class=\"uagb-ifb-desc\">Representante por Santa Cruz<\/p><\/div><\/div>\n<\/div>\n\n\n\n<div class=\"wp-block-uagb-container uagb-block-028f5937\">\n<div class=\"wp-block-uagb-info-box uagb-block-b2a4b121 uagb-infobox__content-wrap  uagb-infobox-icon-above-title uagb-infobox-image-valign-top\"><div class=\"uagb-ifb-content\"><div class=\"uagb-ifb-title-wrap\"><\/div><\/div><\/div>\n<\/div>\n\n\n\n<div class=\"wp-block-uagb-container uagb-block-1352cefb\">\n<div class=\"wp-block-uagb-info-box uagb-block-065417e8 uagb-infobox__content-wrap  uagb-infobox-icon-above-title uagb-infobox-image-valign-top\"><div class=\"uagb-ifb-content\"><div class=\"uagb-ifb-title-wrap\"><h3 class=\"uagb-ifb-title\">Tec. Sergio Torres<\/h3><\/div><p class=\"uagb-ifb-desc\">Representante por Santa Cruz<\/p><\/div><\/div>\n<\/div>\n<\/div>\n\n\n\n<h2 class=\"wp-block-heading alignwide has-text-align-center has-ast-global-color-5-background-color has-background\" style=\"margin-top:100px;margin-bottom:0\">Autoridades Directivas<\/h2>\n\n\n\n<div class=\"wp-block-uagb-container uagb-block-cb13fa9e default uagb-is-root-container\"><div class=\"uagb-container__shape uagb-container__shape-top\"><svg xmlns=\"https:\/\/www.w3.org\/2000\/svg\" viewBox=\"0 0 283.5 19.6\" preserveAspectRatio=\"none\"><path class=\"uagb-container__shape-fill\" opacity=\"0.33\" d=\"M0 0L0 18.8 141.8 4.1 283.5 18.8 283.5 0z\"><\/path><path class=\"uagb-container__shape-fill\" opacity=\"0.33\" d=\"M0 0L0 12.6 141.8 4 283.5 12.6 283.5 0z\"><\/path><path class=\"uagb-container__shape-fill\" opacity=\"0.33\" d=\"M0 0L0 6.4 141.8 4 283.5 6.4 283.5 0z\"><\/path><path class=\"uagb-container__shape-fill\" d=\"M0 0L0 1.2 141.8 4 283.5 1.2 283.5 0z\"><\/path><\/svg><\/div><div class=\"uagb-container__shape uagb-container__shape-bottom uagb-container__invert\" data-negative=\"false\"><svg xmlns=\"https:\/\/www.w3.org\/2000\/svg\" viewBox=\"0 0 283.5 19.6\" preserveAspectRatio=\"none\"><path class=\"uagb-container__shape-fill\" opacity=\"0.33\" d=\"M0 0L0 18.8 141.8 4.1 283.5 18.8 283.5 0z\"><\/path><path class=\"uagb-container__shape-fill\" opacity=\"0.33\" d=\"M0 0L0 12.6 141.8 4 283.5 12.6 283.5 0z\"><\/path><path class=\"uagb-container__shape-fill\" opacity=\"0.33\" d=\"M0 0L0 6.4 141.8 4 283.5 6.4 283.5 0z\"><\/path><path class=\"uagb-container__shape-fill\" d=\"M0 0L0 1.2 141.8 4 283.5 1.2 283.5 0z\"><\/path><\/svg><\/div>\n<div class=\"wp-block-uagb-container uagb-block-15c5397c\">\n<div class=\"wp-block-uagb-info-box uagb-block-7fa5242d uagb-infobox__content-wrap  uagb-infobox-icon-above-title uagb-infobox-image-valign-top\"><div class=\"uagb-ifb-content\"><div class=\"uagb-ifb-title-wrap\"><h3 class=\"uagb-ifb-title\">Dr. Francisco Fern\u00e1ndez<\/h3><\/div><p class=\"uagb-ifb-desc\">Direcci\u00f3n M\u00e9dica<\/p><\/div><\/div>\n<\/div>\n\n\n\n<div class=\"wp-block-uagb-container uagb-block-0325c6d7\">\n<div class=\"wp-block-uagb-info-box uagb-block-554299d7 uagb-infobox__content-wrap  uagb-infobox-icon-above-title uagb-infobox-image-valign-top\"><div class=\"uagb-ifb-content\"><div class=\"uagb-ifb-title-wrap\"><h3 class=\"uagb-ifb-title\">Dra. Noelia Zuliani<\/h3><\/div><p class=\"uagb-ifb-desc\">Direcci\u00f3n Ejecutiva<\/p><\/div><\/div>\n<\/div>\n\n\n\n<div class=\"wp-block-uagb-container uagb-block-b4bd78ec\">\n<div class=\"wp-block-uagb-info-box uagb-block-9e84d87c uagb-infobox__content-wrap  uagb-infobox-icon-above-title uagb-infobox-image-valign-top\"><div class=\"uagb-ifb-content\"><div class=\"uagb-ifb-title-wrap\"><h3 class=\"uagb-ifb-title\">C.P Antonella Bianchiotti<\/h3><\/div><p class=\"uagb-ifb-desc\">Direcci\u00f3n de Administraci\u00f3n y<br>Operaciones<\/p><\/div><\/div>\n<\/div>\n\n\n\n<div class=\"wp-block-uagb-container uagb-block-a1a8a0a6\">\n<div class=\"wp-block-uagb-info-box uagb-block-b05fd42b uagb-infobox__content-wrap  uagb-infobox-icon-above-title uagb-infobox-image-valign-top\"><div class=\"uagb-ifb-content\"><div class=\"uagb-ifb-title-wrap\"><h3 class=\"uagb-ifb-title\">Dr. David Lencina<\/h3><\/div><p class=\"uagb-ifb-desc\">Direcci\u00f3n T\u00e9cnico Asistencial<\/p><\/div><\/div>\n<\/div>\n\n\n\n<div class=\"wp-block-uagb-container uagb-block-9f1538c8\">\n<div class=\"wp-block-uagb-info-box uagb-block-692d3039 uagb-infobox__content-wrap  uagb-infobox-icon-above-title uagb-infobox-image-valign-top\"><div class=\"uagb-ifb-content\"><div class=\"uagb-ifb-title-wrap\"><h3 class=\"uagb-ifb-title\">Tec. Ezequiel Zubiri<\/h3><\/div><p class=\"uagb-ifb-desc\">Direcci\u00f3n de Infraestructura y Tecnolog\u00eda<\/p><\/div><\/div>\n<\/div>\n\n\n\n<div class=\"wp-block-uagb-container uagb-block-9c916235\">\n<div class=\"wp-block-uagb-info-box uagb-block-8feadca6 uagb-infobox__content-wrap  uagb-infobox-icon-above-title uagb-infobox-image-valign-top\"><div class=\"uagb-ifb-content\"><div class=\"uagb-ifb-title-wrap\"><h3 class=\"uagb-ifb-title\">Lic. Claudio V\u00e1zquez<\/h3><\/div><p class=\"uagb-ifb-desc\">Direcci\u00f3n de Enfermer\u00eda<\/p><\/div><\/div>\n<\/div>\n<\/div>\n\n\n\n<p><\/p>\n","protected":false},"excerpt":{"rendered":"<p>Lineas Estrat\u00e9gicas Con el objetivo de mejorar los resultados en salud y la calidad de vida de las personas que viven en El Calafate, y articular en Red para este objetivo a nivel provincial.Las l\u00edneas estrat\u00e9gicas generales identificadas para trabajar son: Consejo de Administraci\u00f3n Autoridades Directivas<\/p>\n","protected":false},"author":3,"featured_media":0,"parent":0,"menu_order":0,"comment_status":"closed","ping_status":"closed","template":"","meta":{"_eb_attr":"","_uag_custom_page_level_css":"","advgb_blocks_editor_width":"","advgb_blocks_columns_visual_guide":"","site-sidebar-layout":"default","site-content-layout":"","ast-site-content-layout":"default","site-content-style":"default","site-sidebar-style":"default","ast-global-header-display":"","ast-banner-title-visibility":"","ast-main-header-display":"","ast-hfb-above-header-display":"","ast-hfb-below-header-display":"","ast-hfb-mobile-header-display":"","site-post-title":"disabled","ast-breadcrumbs-content":"","ast-featured-img":"","footer-sml-layout":"","theme-transparent-header-meta":"","adv-header-id-meta":"","stick-header-meta":"","header-above-stick-meta":"","header-main-stick-meta":"","header-below-stick-meta":"","astra-migrate-meta-layouts":"set","ast-page-background-enabled":"default","ast-page-background-meta":{"desktop":{"background-color":"var(--ast-global-color-4)","background-image":"","background-repeat":"repeat","background-position":"center center","background-size":"auto","background-attachment":"scroll","background-type":"","background-media":"","overlay-type":"","overlay-color":"","overlay-opacity":"","overlay-gradient":""},"tablet":{"background-color":"","background-image":"","background-repeat":"repeat","background-position":"center center","background-size":"auto","background-attachment":"scroll","background-type":"","background-media":"","overlay-type":"","overlay-color":"","overlay-opacity":"","overlay-gradient":""},"mobile":{"background-color":"","background-image":"","background-repeat":"repeat","background-position":"center center","background-size":"auto","background-attachment":"scroll","background-type":"","background-media":"","overlay-type":"","overlay-color":"","overlay-opacity":"","overlay-gradient":""}},"ast-content-background-meta":{"desktop":{"background-color":"var(--ast-global-color-5)","background-image":"","background-repeat":"repeat","background-position":"center center","background-size":"auto","background-attachment":"scroll","background-type":"","background-media":"","overlay-type":"","overlay-color":"","overlay-opacity":"","overlay-gradient":""},"tablet":{"background-color":"var(--ast-global-color-5)","background-image":"","background-repeat":"repeat","background-position":"center center","background-size":"auto","background-attachment":"scroll","background-type":"","background-media":"","overlay-type":"","overlay-color":"","overlay-opacity":"","overlay-gradient":""},"mobile":{"background-color":"var(--ast-global-color-5)","background-image":"","background-repeat":"repeat","background-position":"center center","background-size":"auto","background-attachment":"scroll","background-type":"","background-media":"","overlay-type":"","overlay-color":"","overlay-opacity":"","overlay-gradient":""}},"footnotes":""},"class_list":["post-1335","page","type-page","status-publish","hentry"],"uagb_featured_image_src":{"full":false,"thumbnail":false,"medium":false,"medium_large":false,"large":false,"1536x1536":false,"2048x2048":false},"uagb_author_info":{"display_name":"Comunicaci\u00f3n","author_link":"https:\/\/www.hospitalelcalafate.gob.ar\/?author=3"},"uagb_comment_info":0,"uagb_excerpt":"Lineas Estrat\u00e9gicas Con el objetivo de mejorar los resultados en salud y la calidad de vida de las personas que viven en El Calafate, y articular en Red para este objetivo a nivel provincial.Las l\u00edneas estrat\u00e9gicas generales identificadas para trabajar son: Consejo de Administraci\u00f3n Autoridades Directivas","coauthors":[],"author_meta":{"author_link":"https:\/\/www.hospitalelcalafate.gob.ar\/?author=3","display_name":"Comunicaci\u00f3n"},"relative_dates":{"created":"Publicado 3 a\u00f1os hace","modified":"Actualizado 3 meses hace"},"absolute_dates":{"created":"Publicado el 10 de agosto de 2023","modified":"Actualizado el 15 de enero de 2026"},"absolute_dates_time":{"created":"Publicado el 10 de agosto de 2023 11:28 am","modified":"Actualizado el 15 de enero de 2026 3:45 pm"},"featured_img_caption":"","featured_img":false,"series_order":"","_links":{"self":[{"href":"https:\/\/www.hospitalelcalafate.gob.ar\/index.php?rest_route=\/wp\/v2\/pages\/1335","targetHints":{"allow":["GET"]}}],"collection":[{"href":"https:\/\/www.hospitalelcalafate.gob.ar\/index.php?rest_route=\/wp\/v2\/pages"}],"about":[{"href":"https:\/\/www.hospitalelcalafate.gob.ar\/index.php?rest_route=\/wp\/v2\/types\/page"}],"author":[{"embeddable":true,"href":"https:\/\/www.hospitalelcalafate.gob.ar\/index.php?rest_route=\/wp\/v2\/users\/3"}],"replies":[{"embeddable":true,"href":"https:\/\/www.hospitalelcalafate.gob.ar\/index.php?rest_route=%2Fwp%2Fv2%2Fcomments&post=1335"}],"version-history":[{"count":52,"href":"https:\/\/www.hospitalelcalafate.gob.ar\/index.php?rest_route=\/wp\/v2\/pages\/1335\/revisions"}],"predecessor-version":[{"id":4767,"href":"https:\/\/www.hospitalelcalafate.gob.ar\/index.php?rest_route=\/wp\/v2\/pages\/1335\/revisions\/4767"}],"wp:attachment":[{"href":"https:\/\/www.hospitalelcalafate.gob.ar\/index.php?rest_route=%2Fwp%2Fv2%2Fmedia&parent=1335"}],"curies":[{"name":"wp","href":"https:\/\/api.w.org\/{rel}","templated":true}]}}