{"id":1350,"date":"2023-08-10T11:43:43","date_gmt":"2023-08-10T11:43:43","guid":{"rendered":"https:\/\/www.hospitalelcalafate.gob.ar\/?page_id=1350"},"modified":"2025-02-28T12:54:54","modified_gmt":"2025-02-28T15:54:54","slug":"docencia","status":"publish","type":"page","link":"https:\/\/www.hospitalelcalafate.gob.ar\/?page_id=1350","title":{"rendered":"Docencia"},"content":{"rendered":"\n<div class=\"wp-block-cover alignfull\" style=\"min-height:100px;aspect-ratio:unset;\"><span aria-hidden=\"true\" class=\"wp-block-cover__background has-background-dim-20 has-background-dim\" style=\"background-color:#002243\"><\/span><img loading=\"lazy\" decoding=\"async\" width=\"1200\" height=\"150\" class=\"wp-block-cover__image-background wp-image-3524\" alt=\"\" src=\"https:\/\/www.hospitalelcalafate.gob.ar\/wp-content\/uploads\/2024\/07\/FondoTituloRelieveAzul.png\" data-object-fit=\"cover\" srcset=\"https:\/\/www.hospitalelcalafate.gob.ar\/wp-content\/uploads\/2024\/07\/FondoTituloRelieveAzul.png 1200w, https:\/\/www.hospitalelcalafate.gob.ar\/wp-content\/uploads\/2024\/07\/FondoTituloRelieveAzul-300x38.png 300w, https:\/\/www.hospitalelcalafate.gob.ar\/wp-content\/uploads\/2024\/07\/FondoTituloRelieveAzul-1024x128.png 1024w, https:\/\/www.hospitalelcalafate.gob.ar\/wp-content\/uploads\/2024\/07\/FondoTituloRelieveAzul-768x96.png 768w\" sizes=\"auto, (max-width: 1200px) 100vw, 1200px\" \/><div class=\"wp-block-cover__inner-container is-layout-flow wp-block-cover-is-layout-flow\">\n<h2 class=\"wp-block-heading has-text-align-center has-ast-global-color-5-color has-text-color has-link-color has-large-font-size wp-elements-daf3d7dd843a1e1ec1b188ab123ed2ed\">Docencia e Investigaci\u00f3n<\/h2>\n<\/div><\/div>\n\n\n\n<div class=\"wp-block-columns alignwide is-layout-flex wp-container-core-columns-is-layout-a62f176e wp-block-columns-is-layout-flex\" style=\"margin-top:0;padding-top:var(--wp--preset--spacing--60);padding-right:var(--wp--preset--spacing--60);padding-bottom:var(--wp--preset--spacing--60);padding-left:var(--wp--preset--spacing--60)\">\n<div class=\"wp-block-column is-layout-flow wp-block-column-is-layout-flow\">\n<div class=\"wp-block-uagb-info-box uagb-block-c98a2d20 uagb-infobox__content-wrap  uagb-infobox-icon-above-title uagb-infobox-image-valign-top\"><div class=\"uagb-ifb-content\"><div class=\"uagb-ifb-icon-wrap\"><svg xmlns=\"https:\/\/www.w3.org\/2000\/svg\" viewBox=\"0 0 512 512\"><path d=\"M256 512C114.6 512 0 397.4 0 256C0 114.6 114.6 0 256 0C397.4 0 512 114.6 512 256C512 397.4 397.4 512 256 512zM232 256C232 264 236 271.5 242.7 275.1L338.7 339.1C349.7 347.3 364.6 344.3 371.1 333.3C379.3 322.3 376.3 307.4 365.3 300L280 243.2V120C280 106.7 269.3 96 255.1 96C242.7 96 231.1 106.7 231.1 120L232 256z\"><\/path><\/svg><\/div><div class=\"uagb-ifb-title-wrap\"><h6 class=\"uagb-ifb-title\">8hs. a 13hs.<\/h6><\/div><\/div><\/div>\n<\/div>\n\n\n\n<div class=\"wp-block-column is-layout-flow wp-block-column-is-layout-flow\">\n<div class=\"wp-block-uagb-info-box uagb-block-c7dadf58 uagb-infobox__content-wrap  uagb-infobox-icon-above-title uagb-infobox-image-valign-top\"><div class=\"uagb-ifb-content\"><div class=\"uagb-ifb-icon-wrap\"><svg xmlns=\"https:\/\/www.w3.org\/2000\/svg\" viewBox=\"0 0 512 512\"><path d=\"M511.2 387l-23.25 100.8c-3.266 14.25-15.79 24.22-30.46 24.22C205.2 512 0 306.8 0 54.5c0-14.66 9.969-27.2 24.22-30.45l100.8-23.25C139.7-2.602 154.7 5.018 160.8 18.92l46.52 108.5c5.438 12.78 1.77 27.67-8.98 36.45L144.5 207.1c33.98 69.22 90.26 125.5 159.5 159.5l44.08-53.8c8.688-10.78 23.69-14.51 36.47-8.975l108.5 46.51C506.1 357.2 514.6 372.4 511.2 387z\"><\/path><\/svg><\/div><div class=\"uagb-ifb-title-wrap\"><h6 class=\"uagb-ifb-title\">491-831 int. 4006<\/h6><\/div><\/div><\/div>\n<\/div>\n\n\n\n<div class=\"wp-block-column is-layout-flow wp-block-column-is-layout-flow\">\n<div class=\"wp-block-uagb-info-box uagb-block-f1789abb uagb-infobox__content-wrap  uagb-infobox-icon-above-title uagb-infobox-image-valign-top\"><div class=\"uagb-ifb-content\"><div class=\"uagb-ifb-icon-wrap\"><svg xmlns=\"https:\/\/www.w3.org\/2000\/svg\" viewBox=\"0 0 640 512\"><path d=\"M464 64C490.5 64 512 85.49 512 112C512 127.1 504.9 141.3 492.8 150.4L478.9 160.8C412.3 167.2 356.5 210.8 332.6 270.6L275.2 313.6C263.8 322.1 248.2 322.1 236.8 313.6L19.2 150.4C7.113 141.3 0 127.1 0 112C0 85.49 21.49 64 48 64H464zM294.4 339.2L320.8 319.4C320.3 324.9 320 330.4 320 336C320 378.5 335.1 417.6 360.2 448H64C28.65 448 0 419.3 0 384V176L217.6 339.2C240.4 356.3 271.6 356.3 294.4 339.2zM640 336C640 415.5 575.5 480 496 480C416.5 480 352 415.5 352 336C352 256.5 416.5 192 496 192C575.5 192 640 256.5 640 336zM540.7 292.7L480 353.4L451.3 324.7C445.1 318.4 434.9 318.4 428.7 324.7C422.4 330.9 422.4 341.1 428.7 347.3L468.7 387.3C474.9 393.6 485.1 393.6 491.3 387.3L563.3 315.3C569.6 309.1 569.6 298.9 563.3 292.7C557.1 286.4 546.9 286.4 540.7 292.7H540.7z\"><\/path><\/svg><\/div><div class=\"uagb-ifb-title-wrap\"><h6 class=\"uagb-ifb-title\">docencia.investigacion.samic<br>@gmail.com<\/h6><\/div><\/div><\/div>\n<\/div>\n<\/div>\n\n\n\n<div class=\"wp-block-columns is-layout-flex wp-container-core-columns-is-layout-aa77b864 wp-block-columns-is-layout-flex\" style=\"margin-top:0;padding-top:var(--wp--preset--spacing--40);padding-right:var(--wp--preset--spacing--40);padding-bottom:var(--wp--preset--spacing--40);padding-left:var(--wp--preset--spacing--40)\">\n<div class=\"wp-block-column has-border-color has-ast-global-color-0-border-color has-ast-global-color-0-background-color has-background is-layout-flow wp-block-column-is-layout-flow\" style=\"border-width:5px\">\n<div class=\"wp-block-uagb-info-box uagb-block-3114ee58 uagb-infobox__content-wrap  uagb-infobox_cta-type-all uagb-infobox-icon-above-title uagb-infobox-image-valign-top\"><a href=\"#residencias\" class=\"uagb-infobox-link-wrap uagb-infbox__link-to-all\" target=\"_self\" aria-label=\"Infobox Link\" rel=\"noopener noreferrer\" onclick=\"return true;\"><\/a><div class=\"uagb-ifb-content\"><div class=\"uagb-ifb-icon-wrap\"><svg xmlns=\"https:\/\/www.w3.org\/2000\/svg\" viewBox=\"0 0 640 512\"><path d=\"M184 88C184 118.9 158.9 144 128 144C97.07 144 72 118.9 72 88C72 57.07 97.07 32 128 32C158.9 32 184 57.07 184 88zM208.4 196.3C178.7 222.7 160 261.2 160 304C160 338.3 171.1 369.8 192 394.5V416C192 433.7 177.7 448 160 448H96C78.33 448 64 433.7 64 416V389.2C26.16 371.2 0 332.7 0 288C0 226.1 50.14 176 112 176H144C167.1 176 190.2 183.5 208.4 196.3V196.3zM64 245.7C54.04 256.9 48 271.8 48 288C48 304.2 54.04 319.1 64 330.3V245.7zM448 416V394.5C468 369.8 480 338.3 480 304C480 261.2 461.3 222.7 431.6 196.3C449.8 183.5 472 176 496 176H528C589.9 176 640 226.1 640 288C640 332.7 613.8 371.2 576 389.2V416C576 433.7 561.7 448 544 448H480C462.3 448 448 433.7 448 416zM576 330.3C585.1 319.1 592 304.2 592 288C592 271.8 585.1 256.9 576 245.7V330.3zM568 88C568 118.9 542.9 144 512 144C481.1 144 456 118.9 456 88C456 57.07 481.1 32 512 32C542.9 32 568 57.07 568 88zM256 96C256 60.65 284.7 32 320 32C355.3 32 384 60.65 384 96C384 131.3 355.3 160 320 160C284.7 160 256 131.3 256 96zM448 304C448 348.7 421.8 387.2 384 405.2V448C384 465.7 369.7 480 352 480H288C270.3 480 256 465.7 256 448V405.2C218.2 387.2 192 348.7 192 304C192 242.1 242.1 192 304 192H336C397.9 192 448 242.1 448 304zM256 346.3V261.7C246 272.9 240 287.8 240 304C240 320.2 246 335.1 256 346.3zM384 261.7V346.3C393.1 335 400 320.2 400 304C400 287.8 393.1 272.9 384 261.7z\"><\/path><\/svg><\/div><div class=\"uagb-ifb-title-wrap\"><h3 class=\"uagb-ifb-title\">Residencias<\/h3><\/div><div class=\"uagb-ifb-button-wrapper wp-block-button\"><\/div><\/div><\/div>\n<\/div>\n\n\n\n<div class=\"wp-block-column has-border-color has-ast-global-color-0-border-color has-ast-global-color-0-background-color has-background is-layout-flow wp-block-column-is-layout-flow\" style=\"border-width:5px\">\n<div class=\"wp-block-uagb-info-box uagb-block-9a35e5b9 uagb-infobox__content-wrap  uagb-infobox_cta-type-all uagb-infobox-icon-above-title uagb-infobox-image-valign-top\"><a href=\"#rotaciones\" class=\"uagb-infobox-link-wrap uagb-infbox__link-to-all\" target=\"_self\" aria-label=\"Infobox Link\" rel=\"noopener noreferrer\" onclick=\"return true;\"><\/a><div class=\"uagb-ifb-content\"><div class=\"uagb-ifb-icon-wrap\"><svg xmlns=\"https:\/\/www.w3.org\/2000\/svg\" viewBox=\"0 0 512 512\"><path d=\"M464 96h-88l-12.38-32.88C356.6 44.38 338.8 32 318.8 32h-125.5c-20 0-38 12.38-45 31.12L136 96H48C21.5 96 0 117.5 0 144v288C0 458.5 21.5 480 48 480h416c26.5 0 48-21.5 48-48v-288C512 117.5 490.5 96 464 96zM356.9 366.8C332.4 398.1 295.7 416 256 416c-31.78 0-61.37-11.94-84.58-32.61l-19.28 19.29C143.2 411.6 128 405.3 128 392.7V316.3c0-5.453 4.359-9.838 9.775-9.99h76.98c12.35 .3027 18.47 15.27 9.654 24.09l-19.27 19.28C219.3 361.4 237.1 368 256 368c24.8 0 47.78-11.22 63.08-30.78c8.172-10.44 23.25-12.28 33.69-4.125S365.1 356.3 356.9 366.8zM384 259.7c0 5.453-4.359 9.838-9.775 9.99h-76.98c-12.35-.3027-18.47-15.27-9.654-24.09l19.27-19.28C292.7 214.6 274.9 208 256 208c-24.8 0-47.78 11.22-63.08 30.78C184.8 249.2 169.7 251.1 159.2 242.9C148.8 234.8 146.9 219.7 155.1 209.2C179.6 177.9 216.3 160 256 160c31.78 0 61.37 11.94 84.58 32.61l19.28-19.29C368.8 164.4 384 170.7 384 183.3V259.7z\"><\/path><\/svg><\/div><div class=\"uagb-ifb-title-wrap\"><h3 class=\"uagb-ifb-title\">Rotaciones<\/h3><\/div><div class=\"uagb-ifb-button-wrapper wp-block-button\"><\/div><\/div><\/div>\n<\/div>\n\n\n\n<div class=\"wp-block-column has-border-color has-ast-global-color-0-border-color has-ast-global-color-0-background-color has-background is-layout-flow wp-block-column-is-layout-flow\" style=\"border-width:5px\">\n<div class=\"wp-block-uagb-info-box uagb-block-aafa8307 uagb-infobox__content-wrap  uagb-infobox_cta-type-all uagb-infobox-icon-above-title uagb-infobox-image-valign-top\"><a href=\"https:\/\/www.hospitalelcalafate.gob.ar\/?page_id=2434\" class=\"uagb-infobox-link-wrap uagb-infbox__link-to-all\" target=\"_self\" aria-label=\"Infobox Link\" rel=\"noopener noreferrer\" onclick=\"return true;\"><\/a><div class=\"uagb-ifb-content\"><div class=\"uagb-ifb-icon-wrap\"><svg xmlns=\"https:\/\/www.w3.org\/2000\/svg\" viewBox=\"0 0 512 512\"><path d=\"M45.63 79.75L52 81.25v58.5C45 143.9 40 151.3 40 160c0 8.375 4.625 15.38 11.12 19.75L35.5 242C33.75 248.9 37.63 256 43.13 256h41.75c5.5 0 9.375-7.125 7.625-13.1L76.88 179.8C83.38 175.4 88 168.4 88 160c0-8.75-5-16.12-12-20.25V87.13L128 99.63l.001 60.37c0 70.75 57.25 128 128 128s127.1-57.25 127.1-128L384 99.62l82.25-19.87c18.25-4.375 18.25-27 0-31.5l-190.4-46c-13-3-26.62-3-39.63 0l-190.6 46C27.5 52.63 27.5 75.38 45.63 79.75zM359.2 312.8l-103.2 103.2l-103.2-103.2c-69.93 22.3-120.8 87.2-120.8 164.5C32 496.5 47.53 512 66.67 512h378.7C464.5 512 480 496.5 480 477.3C480 400 429.1 335.1 359.2 312.8z\"><\/path><\/svg><\/div><div class=\"uagb-ifb-title-wrap\"><h3 class=\"uagb-ifb-title\">Jornadas y Capacitaciones<\/h3><\/div><div class=\"uagb-ifb-button-wrapper wp-block-button\"><\/div><\/div><\/div>\n<\/div>\n\n\n\n<div class=\"wp-block-column has-border-color has-ast-global-color-0-border-color has-ast-global-color-0-background-color has-background is-layout-flow wp-block-column-is-layout-flow\" style=\"border-width:5px\">\n<div class=\"wp-block-uagb-info-box uagb-block-cfdc6e54 uagb-infobox__content-wrap  uagb-infobox_cta-type-all uagb-infobox-icon-above-title uagb-infobox-image-valign-top\"><a href=\"http:\/\/docencia.hospitalelcalafate.gob.ar\/\" class=\"uagb-infobox-link-wrap uagb-infbox__link-to-all\" target=\"_blank\" aria-label=\"Infobox Link\" rel=\"noopener noreferrer\" onclick=\"return true;\"><\/a><div class=\"uagb-ifb-content\"><div class=\"uagb-ifb-icon-wrap\"><svg xmlns=\"https:\/\/www.w3.org\/2000\/svg\" viewBox=\"0 0 512 512\"><path d=\"M243.4 2.587C251.4-.8625 260.6-.8625 268.6 2.587L492.6 98.59C506.6 104.6 514.4 119.6 511.3 134.4C508.3 149.3 495.2 159.1 479.1 160V168C479.1 181.3 469.3 192 455.1 192H55.1C42.74 192 31.1 181.3 31.1 168V160C16.81 159.1 3.708 149.3 .6528 134.4C-2.402 119.6 5.429 104.6 19.39 98.59L243.4 2.587zM256 128C273.7 128 288 113.7 288 96C288 78.33 273.7 64 256 64C238.3 64 224 78.33 224 96C224 113.7 238.3 128 256 128zM127.1 416H167.1V224H231.1V416H280V224H344V416H384V224H448V420.3C448.6 420.6 449.2 420.1 449.8 421.4L497.8 453.4C509.5 461.2 514.7 475.8 510.6 489.3C506.5 502.8 494.1 512 480 512H31.1C17.9 512 5.458 502.8 1.372 489.3C-2.715 475.8 2.515 461.2 14.25 453.4L62.25 421.4C62.82 420.1 63.41 420.6 63.1 420.3V224H127.1V416z\"><\/path><\/svg><\/div><div class=\"uagb-ifb-title-wrap\"><h3 class=\"uagb-ifb-title\">Campus Virtual<\/h3><\/div><div class=\"uagb-ifb-button-wrapper wp-block-button\"><\/div><\/div><\/div>\n<\/div>\n<\/div>\n\n\n\n<div style=\"height:127px\" aria-hidden=\"true\" class=\"wp-block-spacer\"><\/div>\n\n\n\n<div class=\"wp-block-columns alignwide is-layout-flex wp-container-core-columns-is-layout-b8e64976 wp-block-columns-is-layout-flex\" id=\"residencias\" style=\"margin-top:var(--wp--preset--spacing--80)\">\n<div class=\"wp-block-column is-layout-flow wp-block-column-is-layout-flow\">\n<div class=\"wp-block-cover alignfull has-parallax wp-duotone-dark-grayscale\" style=\"min-height:308px;aspect-ratio:unset;\"><span aria-hidden=\"true\" class=\"wp-block-cover__background has-ast-global-color-0-background-color has-background-dim-60 has-background-dim\"><\/span><div class=\"wp-block-cover__image-background wp-image-2368 has-parallax\" style=\"background-position:50% 50%;background-image:url(https:\/\/www.hospitalelcalafate.gob.ar\/wp-content\/uploads\/2023\/09\/residencias.jpg)\"><\/div><div class=\"wp-block-cover__inner-container is-layout-constrained wp-block-cover-is-layout-constrained\">\n<h2 class=\"wp-block-heading has-text-align-center has-ast-global-color-5-color has-text-color has-link-color has-large-font-size wp-elements-0d12e4eea16fbbb361618acc5af8efd8\">Residencias de Salud<\/h2>\n<\/div><\/div>\n\n\n\n<p class=\"has-ast-global-color-2-color has-ast-global-color-4-background-color has-text-color has-background has-medium-font-size\"><strong><em>Que es una residencia<\/em><\/strong>: &nbsp;es un sistema de formaci\u00f3n integral de postgrado para el graduado reciente en las disciplinas que integran el equipo de salud, cuyo objeto es completar su formaci\u00f3n en manera exhaustiva, ejercit\u00e1ndolo en el desempe\u00f1o responsable y eficaz de la disciplina correspondiente, bajo la modalidad de formaci\u00f3n en el trabajo.<\/p>\n\n\n\n<p class=\"has-ast-global-color-2-color has-ast-global-color-4-background-color has-text-color has-background has-medium-font-size\"><strong><em>Como lo hacen<\/em><\/strong>: Su r\u00e9gimen de actividad es a tiempo completo, con dedicaci\u00f3n exclusiva y mediante la ejecuci\u00f3n personal, bajo supervisi\u00f3n, de actos profesionales de complejidad y responsabilidad crecientes.<\/p>\n\n\n\n<p class=\"has-ast-global-color-2-color has-ast-global-color-4-background-color has-text-color has-background has-medium-font-size\"><strong><em>Programaci\u00f3n educativa<\/em><\/strong>: &nbsp;en el marco de la residencia intenta responder al problema de c\u00f3mo organizar y anticipar un conjunto de actividades\/contextos\/experiencias a fin de promover la adquisici\u00f3n de ciertos saberes y conocimientos por parte de los aprendices o residentes.<\/p>\n\n\n\n<p class=\"has-ast-global-color-2-color has-ast-global-color-4-background-color has-text-color has-background has-medium-font-size\">La elaboraci\u00f3n de Programas de Formaci\u00f3n responde tanto a motivos de orden pedag\u00f3gico, administrativo y de organizaci\u00f3n asociados y articulados.<\/p>\n\n\n\n<p class=\"has-ast-global-color-2-color has-ast-global-color-4-background-color has-text-color has-background has-medium-font-size\">La programaci\u00f3n organiza la participaci\u00f3n de los residentes tanto en las pr\u00e1cticas asistenciales habituales como en instancias de formaci\u00f3n expresamente pensadas a tal fin, para que los residentes adquieran en un lapso de tiempo definido, las capacidades, conocimientos y saberes necesarios para desempe\u00f1arse en el ejercicio de una especialidad de manera aut\u00f3noma y en distintos escenarios asistenciales de una especialidad.<\/p>\n\n\n\n<p class=\"has-ast-global-color-2-color has-ast-global-color-4-background-color has-text-color has-background has-medium-font-size\">Asimismo, un programa establece un encuadre de trabajo com\u00fan, indispensable para coordinar y organizar los tiempos y para sostener un proceso de aprendizaje durante dos, tres o cuatro a\u00f1os.<\/p>\n\n\n\n<p class=\"has-ast-global-color-2-color has-ast-global-color-4-background-color has-text-color has-background has-medium-font-size\">Comienzos en Hospital SAMIC El Calafate: Al inicio del a\u00f1o 2022&nbsp; se comenzaron a realizar los pasos administrativos correspondientes entre el Hospital y la UBA para ser incluido como hospital sede de residencia nacionales logrando que los primeros residentes arriben a la localidad en el mes de octubre 2022 en las disciplinas de Cirug\u00eda General, Tocoginecolog\u00eda, Enfermer\u00eda, Cuidados Cr\u00edticos, Cl\u00ednica M\u00e9dica, Salud Mental (RISAM) quienes ya est\u00e1n la cumplimentando su 1er a\u00f1o.<\/p>\n\n\n\n<p class=\"has-ast-global-color-2-color has-ast-global-color-4-background-color has-text-color has-background has-medium-font-size\">Para este 2023 abrimos cupos para las especialidades arriba mencionadas y expandimos a otros servicios como UCT (Unidad de Conocimiento Traslacional), Pediatr\u00eda, Ortopedia y Traumatolog\u00eda y Epidemiolog\u00eda.<\/p>\n\n\n\n<p class=\"has-ast-global-color-7-color has-ast-global-color-6-background-color has-text-color has-background has-medium-font-size\">Toda la informaci\u00f3n acerca de residencias nacionales se encuentra en:  <a rel=\"noreferrer noopener\" href=\"https:\/\/www.argentina.gob.ar\/salud\/residencias\/ingreso\" target=\"_blank\">Argentina.gob.ar &#8211; Ingreso a Residencias<\/a><\/p>\n\n\n\n<div class=\"wp-block-essential-blocks-slider  root-eb-slider-o93stcr\"><div class=\"eb-parent-wrapper eb-parent-eb-slider-o93stcr \"><div class=\"eb-slider-wrapper eb-slider-o93stcr\" data-blockid=\"eb-slider-o93stcr\" data-version=\"v4\" data-settings=\"eyJhcnJvd3MiOnRydWUsImFkYXB0aXZlSGVpZ2h0IjpmYWxzZSwiYXV0b3BsYXkiOmZhbHNlLCJhdXRvcGxheVNwZWVkIjozMDAwLCJkb3RzIjp0cnVlLCJmYWRlIjpmYWxzZSwiaW5maW5pdGUiOnRydWUsInBhdXNlT25Ib3ZlciI6dHJ1ZSwic2xpZGVzVG9TaG93IjozLCJzcGVlZCI6NTAwLCJ2ZXJ0aWNhbCI6ZmFsc2UsImN1cnJlbnRTbGlkZSI6MCwicnRsIjpmYWxzZSwicmVzcG9uc2l2ZSI6W3siYnJlYWtwb2ludCI6MTAyNSwic2V0dGluZ3MiOnsic2xpZGVzVG9TaG93IjozfX0seyJicmVha3BvaW50Ijo3NjcsInNldHRpbmdzIjp7InNsaWRlc1RvU2hvdyI6M319XX0=\" data-arrownexticon=\"fas fa-arrow-alt-circle-right\" data-arrowprevicon=\"fas fa-arrow-alt-circle-left\" data-lightbox=\"false\"><div class=\"eb-slider-init eb-slider-type-image\"><div class=\"eb-slider-item content-1\" data-src=\"https:\/\/www.hospitalelcalafate.gob.ar\/wp-content\/uploads\/2023\/09\/residencias4.jpg\"><div><img class=\"eb-slider-image\" data-lazy=\"https:\/\/www.hospitalelcalafate.gob.ar\/wp-content\/uploads\/2023\/09\/residencias4.jpg\"\/><\/div><\/div><div class=\"eb-slider-item content-1\" data-src=\"https:\/\/www.hospitalelcalafate.gob.ar\/wp-content\/uploads\/2023\/09\/residencias5.jpg\"><div><img class=\"eb-slider-image\" data-lazy=\"https:\/\/www.hospitalelcalafate.gob.ar\/wp-content\/uploads\/2023\/09\/residencias5.jpg\"\/><\/div><\/div><div class=\"eb-slider-item content-1\" data-src=\"https:\/\/www.hospitalelcalafate.gob.ar\/wp-content\/uploads\/2023\/09\/residencias6.jpg\"><div><img class=\"eb-slider-image\" data-lazy=\"https:\/\/www.hospitalelcalafate.gob.ar\/wp-content\/uploads\/2023\/09\/residencias6.jpg\"\/><\/div><\/div><div class=\"eb-slider-item content-1\" data-src=\"https:\/\/www.hospitalelcalafate.gob.ar\/wp-content\/uploads\/2023\/09\/residencias7.jpg\"><div><img class=\"eb-slider-image\" data-lazy=\"https:\/\/www.hospitalelcalafate.gob.ar\/wp-content\/uploads\/2023\/09\/residencias7.jpg\"\/><\/div><\/div><div class=\"eb-slider-item content-1\" data-src=\"https:\/\/www.hospitalelcalafate.gob.ar\/wp-content\/uploads\/2023\/09\/residencias8.jpg\"><div><img class=\"eb-slider-image\" data-lazy=\"https:\/\/www.hospitalelcalafate.gob.ar\/wp-content\/uploads\/2023\/09\/residencias8.jpg\"\/><\/div><\/div><div class=\"eb-slider-item content-1\" data-src=\"https:\/\/www.hospitalelcalafate.gob.ar\/wp-content\/uploads\/2023\/09\/residencias9.jpg\"><div><img class=\"eb-slider-image\" data-lazy=\"https:\/\/www.hospitalelcalafate.gob.ar\/wp-content\/uploads\/2023\/09\/residencias9.jpg\"\/><\/div><\/div><div class=\"eb-slider-item content-1\" data-src=\"https:\/\/www.hospitalelcalafate.gob.ar\/wp-content\/uploads\/2023\/09\/residencias2.jpg\"><div><img class=\"eb-slider-image\" data-lazy=\"https:\/\/www.hospitalelcalafate.gob.ar\/wp-content\/uploads\/2023\/09\/residencias2.jpg\"\/><\/div><\/div><div class=\"eb-slider-item content-1\" data-src=\"https:\/\/www.hospitalelcalafate.gob.ar\/wp-content\/uploads\/2023\/09\/residencias3.jpg\"><div><img class=\"eb-slider-image\" data-lazy=\"https:\/\/www.hospitalelcalafate.gob.ar\/wp-content\/uploads\/2023\/09\/residencias3.jpg\"\/><\/div><\/div><div class=\"eb-slider-item content-1\" data-src=\"https:\/\/www.hospitalelcalafate.gob.ar\/wp-content\/uploads\/2023\/09\/residencias1.jpg\"><div><img class=\"eb-slider-image\" data-lazy=\"https:\/\/www.hospitalelcalafate.gob.ar\/wp-content\/uploads\/2023\/09\/residencias1.jpg\"\/><\/div><\/div><\/div><\/div><\/div><\/div>\n<\/div>\n<\/div>\n\n\n\n<div class=\"wp-block-columns alignwide is-layout-flex wp-container-core-columns-is-layout-3c5d0a0c wp-block-columns-is-layout-flex\" id=\"rotaciones\" style=\"margin-top:var(--wp--preset--spacing--80);margin-bottom:150px\">\n<div class=\"wp-block-column is-layout-flow wp-block-column-is-layout-flow\">\n<div class=\"wp-block-cover alignfull has-parallax wp-duotone-dark-grayscale\" style=\"min-height:308px;aspect-ratio:unset;\"><span aria-hidden=\"true\" class=\"wp-block-cover__background has-ast-global-color-0-background-color has-background-dim-60 has-background-dim\"><\/span><div class=\"wp-block-cover__image-background wp-image-2379 has-parallax\" style=\"background-position:50% 50%;background-image:url(https:\/\/www.hospitalelcalafate.gob.ar\/wp-content\/uploads\/2023\/09\/rotaciones.jpg)\"><\/div><div class=\"wp-block-cover__inner-container is-layout-constrained wp-block-cover-is-layout-constrained\">\n<h2 class=\"wp-block-heading has-text-align-center has-ast-global-color-5-color has-text-color has-link-color has-large-font-size wp-elements-f0ecf149713489dce5d516e96dc1637c\">Rotaciones de Salud<\/h2>\n<\/div><\/div>\n\n\n\n<p class=\"has-ast-global-color-2-color has-ast-global-color-4-background-color has-text-color has-background has-medium-font-size\">El Hospital SAMIC El Calafate a trav\u00e9s del Departamento de Docencia e Investigaci\u00f3n coordina sistema de rotaciones de pregrado ya sea en el internado rotatorio anual ( IAR) dependiente de la Universidad de Bs As (UBA) &nbsp;y tambi\u00e9n&nbsp; de&nbsp; la Universidad Maim\u00f3nides .<\/p>\n\n\n\n<p class=\"has-ast-global-color-2-color has-ast-global-color-4-background-color has-text-color has-background has-medium-font-size\">Contamos para tal fin con servicios y profesionales capacitados para brindar los conocimientos necesarios en esta etapa de aprendizaje de los alumnos.<\/p>\n\n\n\n<p class=\"has-ast-global-color-2-color has-ast-global-color-4-background-color has-text-color has-background has-medium-font-size\">El hospital cuenta con convenios marcos con instituciones acad\u00e9micas tales como la UBA, UNAJ, UMPA, UMAI y tambi\u00e9n con hospitales nacionales como El Cruce, Posadas, Garrahan, Bonaparte, Estela de Carlotto&nbsp; y&nbsp; as\u00ed ampliar la oferta de rotaciones a aquellos que se encuentran realizando residencias en otros hospitales nacionales.<\/p>\n\n\n\n<p class=\"has-ast-global-color-2-color has-ast-global-color-4-background-color has-text-color has-background has-medium-font-size\">Los Requisitos para la coordinaci\u00f3n de rotaciones son los siguientes:<\/p>\n\n\n\n<ul class=\"wp-block-list has-ast-global-color-4-background-color has-background\">\n<li class=\"has-medium-font-size\">Nota formal dirigida al Jefe de Departamento de Docencia e Investigaci\u00f3n en donde figuren los datos personales del interesado, solicitando la rotaci\u00f3n&nbsp; y especificando &nbsp;servicio en el que desea rotar, fechas estimadas y duraci\u00f3n de la misma.  Esta nota debe estar avalada por la instituci\u00f3n en donde este realizando su formaci\u00f3n<\/li>\n\n\n\n<li class=\"has-medium-font-size\">Copia de CV<\/li>\n\n\n\n<li class=\"has-medium-font-size\">Copia de DNI<\/li>\n<\/ul>\n<\/div>\n<\/div>\n","protected":false},"excerpt":{"rendered":"<p>Que es una residencia: &nbsp;es un sistema de formaci\u00f3n integral de postgrado para el graduado reciente en las disciplinas que integran el equipo de salud, cuyo objeto es completar su formaci\u00f3n en manera exhaustiva, ejercit\u00e1ndolo en el desempe\u00f1o responsable y eficaz de la disciplina correspondiente, bajo la modalidad de formaci\u00f3n en el trabajo. Como lo [&hellip;]<\/p>\n","protected":false},"author":3,"featured_media":0,"parent":0,"menu_order":0,"comment_status":"closed","ping_status":"closed","template":"","meta":{"_eb_attr":"","_uag_custom_page_level_css":"","advgb_blocks_editor_width":"","advgb_blocks_columns_visual_guide":"","site-sidebar-layout":"default","site-content-layout":"","ast-site-content-layout":"default","site-content-style":"default","site-sidebar-style":"default","ast-global-header-display":"","ast-banner-title-visibility":"","ast-main-header-display":"","ast-hfb-above-header-display":"","ast-hfb-below-header-display":"","ast-hfb-mobile-header-display":"","site-post-title":"disabled","ast-breadcrumbs-content":"","ast-featured-img":"","footer-sml-layout":"","theme-transparent-header-meta":"","adv-header-id-meta":"","stick-header-meta":"","header-above-stick-meta":"","header-main-stick-meta":"","header-below-stick-meta":"","astra-migrate-meta-layouts":"set","ast-page-background-enabled":"default","ast-page-background-meta":{"desktop":{"background-color":"var(--ast-global-color-4)","background-image":"","background-repeat":"repeat","background-position":"center center","background-size":"auto","background-attachment":"scroll","background-type":"","background-media":"","overlay-type":"","overlay-color":"","overlay-opacity":"","overlay-gradient":""},"tablet":{"background-color":"","background-image":"","background-repeat":"repeat","background-position":"center center","background-size":"auto","background-attachment":"scroll","background-type":"","background-media":"","overlay-type":"","overlay-color":"","overlay-opacity":"","overlay-gradient":""},"mobile":{"background-color":"","background-image":"","background-repeat":"repeat","background-position":"center center","background-size":"auto","background-attachment":"scroll","background-type":"","background-media":"","overlay-type":"","overlay-color":"","overlay-opacity":"","overlay-gradient":""}},"ast-content-background-meta":{"desktop":{"background-color":"var(--ast-global-color-5)","background-image":"","background-repeat":"repeat","background-position":"center center","background-size":"auto","background-attachment":"scroll","background-type":"","background-media":"","overlay-type":"","overlay-color":"","overlay-opacity":"","overlay-gradient":""},"tablet":{"background-color":"var(--ast-global-color-5)","background-image":"","background-repeat":"repeat","background-position":"center center","background-size":"auto","background-attachment":"scroll","background-type":"","background-media":"","overlay-type":"","overlay-color":"","overlay-opacity":"","overlay-gradient":""},"mobile":{"background-color":"var(--ast-global-color-5)","background-image":"","background-repeat":"repeat","background-position":"center center","background-size":"auto","background-attachment":"scroll","background-type":"","background-media":"","overlay-type":"","overlay-color":"","overlay-opacity":"","overlay-gradient":""}},"footnotes":""},"class_list":["post-1350","page","type-page","status-publish","hentry"],"uagb_featured_image_src":{"full":false,"thumbnail":false,"medium":false,"medium_large":false,"large":false,"1536x1536":false,"2048x2048":false},"uagb_author_info":{"display_name":"Comunicaci\u00f3n","author_link":"https:\/\/www.hospitalelcalafate.gob.ar\/?author=3"},"uagb_comment_info":0,"uagb_excerpt":"Que es una residencia: &nbsp;es un sistema de formaci\u00f3n integral de postgrado para el graduado reciente en las disciplinas que integran el equipo de salud, cuyo objeto es completar su formaci\u00f3n en manera exhaustiva, ejercit\u00e1ndolo en el desempe\u00f1o responsable y eficaz de la disciplina correspondiente, bajo la modalidad de formaci\u00f3n en el trabajo. Como lo&hellip;","coauthors":[],"author_meta":{"author_link":"https:\/\/www.hospitalelcalafate.gob.ar\/?author=3","display_name":"Comunicaci\u00f3n"},"relative_dates":{"created":"Publicado 3 a\u00f1os hace","modified":"Actualizado 1 a\u00f1o hace"},"absolute_dates":{"created":"Publicado el 10 de agosto de 2023","modified":"Actualizado el 28 de febrero de 2025"},"absolute_dates_time":{"created":"Publicado el 10 de agosto de 2023 11:43 am","modified":"Actualizado el 28 de febrero de 2025 12:54 pm"},"featured_img_caption":"","featured_img":false,"series_order":"","_links":{"self":[{"href":"https:\/\/www.hospitalelcalafate.gob.ar\/index.php?rest_route=\/wp\/v2\/pages\/1350","targetHints":{"allow":["GET"]}}],"collection":[{"href":"https:\/\/www.hospitalelcalafate.gob.ar\/index.php?rest_route=\/wp\/v2\/pages"}],"about":[{"href":"https:\/\/www.hospitalelcalafate.gob.ar\/index.php?rest_route=\/wp\/v2\/types\/page"}],"author":[{"embeddable":true,"href":"https:\/\/www.hospitalelcalafate.gob.ar\/index.php?rest_route=\/wp\/v2\/users\/3"}],"replies":[{"embeddable":true,"href":"https:\/\/www.hospitalelcalafate.gob.ar\/index.php?rest_route=%2Fwp%2Fv2%2Fcomments&post=1350"}],"version-history":[{"count":72,"href":"https:\/\/www.hospitalelcalafate.gob.ar\/index.php?rest_route=\/wp\/v2\/pages\/1350\/revisions"}],"predecessor-version":[{"id":4187,"href":"https:\/\/www.hospitalelcalafate.gob.ar\/index.php?rest_route=\/wp\/v2\/pages\/1350\/revisions\/4187"}],"wp:attachment":[{"href":"https:\/\/www.hospitalelcalafate.gob.ar\/index.php?rest_route=%2Fwp%2Fv2%2Fmedia&parent=1350"}],"curies":[{"name":"wp","href":"https:\/\/api.w.org\/{rel}","templated":true}]}}