{"id":1969,"date":"2023-08-23T13:28:11","date_gmt":"2023-08-23T13:28:11","guid":{"rendered":"https:\/\/www.hospitalelcalafate.gob.ar\/?page_id=1969"},"modified":"2025-02-05T14:41:21","modified_gmt":"2025-02-05T17:41:21","slug":"vacunatorio","status":"publish","type":"page","link":"https:\/\/www.hospitalelcalafate.gob.ar\/?page_id=1969","title":{"rendered":"Vacunatorio"},"content":{"rendered":"\n<div class=\"wp-block-cover alignfull\" style=\"min-height:100px;aspect-ratio:unset;\"><span aria-hidden=\"true\" class=\"wp-block-cover__background has-background-dim-20 has-background-dim\" style=\"background-color:#002243\"><\/span><img loading=\"lazy\" decoding=\"async\" width=\"1200\" height=\"150\" class=\"wp-block-cover__image-background wp-image-3524\" alt=\"\" src=\"https:\/\/www.hospitalelcalafate.gob.ar\/wp-content\/uploads\/2024\/07\/FondoTituloRelieveAzul.png\" data-object-fit=\"cover\" srcset=\"https:\/\/www.hospitalelcalafate.gob.ar\/wp-content\/uploads\/2024\/07\/FondoTituloRelieveAzul.png 1200w, https:\/\/www.hospitalelcalafate.gob.ar\/wp-content\/uploads\/2024\/07\/FondoTituloRelieveAzul-300x38.png 300w, https:\/\/www.hospitalelcalafate.gob.ar\/wp-content\/uploads\/2024\/07\/FondoTituloRelieveAzul-1024x128.png 1024w, https:\/\/www.hospitalelcalafate.gob.ar\/wp-content\/uploads\/2024\/07\/FondoTituloRelieveAzul-768x96.png 768w\" sizes=\"auto, (max-width: 1200px) 100vw, 1200px\" \/><div class=\"wp-block-cover__inner-container is-layout-flow wp-block-cover-is-layout-flow\">\n<p class=\"has-text-align-center has-large-font-size\">Vacunatorio<\/p>\n<\/div><\/div>\n\n\n\n<div class=\"wp-block-columns is-layout-flex wp-container-core-columns-is-layout-7abde1fe wp-block-columns-is-layout-flex\" style=\"padding-top:var(--wp--preset--spacing--40);padding-bottom:var(--wp--preset--spacing--40)\">\n<div class=\"wp-block-column is-layout-flow wp-block-column-is-layout-flow\" style=\"flex-basis:33.33%\">\n<div class=\"wp-block-uagb-info-box uagb-block-c98a2d20 uagb-infobox__content-wrap  uagb-infobox-icon-above-title uagb-infobox-image-valign-top\"><div class=\"uagb-ifb-content\"><div class=\"uagb-ifb-icon-wrap\"><svg xmlns=\"https:\/\/www.w3.org\/2000\/svg\" viewBox=\"0 0 512 512\"><path d=\"M256 512C114.6 512 0 397.4 0 256C0 114.6 114.6 0 256 0C397.4 0 512 114.6 512 256C512 397.4 397.4 512 256 512zM232 256C232 264 236 271.5 242.7 275.1L338.7 339.1C349.7 347.3 364.6 344.3 371.1 333.3C379.3 322.3 376.3 307.4 365.3 300L280 243.2V120C280 106.7 269.3 96 255.1 96C242.7 96 231.1 106.7 231.1 120L232 256z\"><\/path><\/svg><\/div><div class=\"uagb-ifb-title-wrap\"><h6 class=\"uagb-ifb-title\">8hs. a 15hs.<\/h6><\/div><\/div><\/div>\n\n\n\n<div class=\"wp-block-uagb-info-box uagb-block-c7dadf58 uagb-infobox__content-wrap  uagb-infobox-icon-above-title uagb-infobox-image-valign-top\"><div class=\"uagb-ifb-content\"><div class=\"uagb-ifb-icon-wrap\"><svg xmlns=\"https:\/\/www.w3.org\/2000\/svg\" viewBox=\"0 0 512 512\"><path d=\"M511.2 387l-23.25 100.8c-3.266 14.25-15.79 24.22-30.46 24.22C205.2 512 0 306.8 0 54.5c0-14.66 9.969-27.2 24.22-30.45l100.8-23.25C139.7-2.602 154.7 5.018 160.8 18.92l46.52 108.5c5.438 12.78 1.77 27.67-8.98 36.45L144.5 207.1c33.98 69.22 90.26 125.5 159.5 159.5l44.08-53.8c8.688-10.78 23.69-14.51 36.47-8.975l108.5 46.51C506.1 357.2 514.6 372.4 511.2 387z\"><\/path><\/svg><\/div><div class=\"uagb-ifb-title-wrap\"><h6 class=\"uagb-ifb-title\">491-831 int. 4011<\/h6><\/div><\/div><\/div>\n<\/div>\n\n\n\n<div class=\"wp-block-column has-ast-global-color-4-background-color has-background is-layout-flow wp-container-core-column-is-layout-8a368f38 wp-block-column-is-layout-flow\" style=\"border-width:2px;flex-basis:66.66%\">\n<h2 class=\"wp-block-heading has-ast-global-color-4-color has-ast-global-color-3-background-color has-text-color has-background has-medium-font-size\" style=\"padding-top:var(--wp--preset--spacing--30);padding-bottom:var(--wp--preset--spacing--30)\">Record\u00e1<\/h2>\n\n\n\n<div class=\"wp-block-uagb-icon-list uagb-block-5d331ee5\"><div class=\"uagb-icon-list__wrap\">\n<div class=\"wp-block-uagb-icon-list-child uagb-block-9e66eb6c\"><span class=\"uagb-icon-list__source-wrap\"><svg xmlns=\"https:\/\/www.w3.org\/2000\/svg\" viewBox=\"0 0 512 512\"><path d=\"M256 0C114.6 0 0 114.6 0 256c0 141.4 114.6 256 256 256s256-114.6 256-256C512 114.6 397.4 0 256 0zM406.6 278.6l-103.1 103.1c-12.5 12.5-32.75 12.5-45.25 0s-12.5-32.75 0-45.25L306.8 288H128C110.3 288 96 273.7 96 256s14.31-32 32-32h178.8l-49.38-49.38c-12.5-12.5-12.5-32.75 0-45.25s32.75-12.5 45.25 0l103.1 103.1C414.6 241.3 416 251.1 416 256C416 260.9 414.6 270.7 406.6 278.6z\"><\/path><\/svg><\/span><span class=\"uagb-icon-list__label\">Guarda tu carnet de vacunas en un lugar seguro y llevalo cuando concurras al vacunatorio.<\/span><\/div>\n\n\n\n<div class=\"wp-block-uagb-icon-list-child uagb-block-11635353\"><span class=\"uagb-icon-list__source-wrap\"><svg xmlns=\"https:\/\/www.w3.org\/2000\/svg\" viewBox=\"0 0 512 512\"><path d=\"M256 0C114.6 0 0 114.6 0 256c0 141.4 114.6 256 256 256s256-114.6 256-256C512 114.6 397.4 0 256 0zM406.6 278.6l-103.1 103.1c-12.5 12.5-32.75 12.5-45.25 0s-12.5-32.75 0-45.25L306.8 288H128C110.3 288 96 273.7 96 256s14.31-32 32-32h178.8l-49.38-49.38c-12.5-12.5-12.5-32.75 0-45.25s32.75-12.5 45.25 0l103.1 103.1C414.6 241.3 416 251.1 416 256C416 260.9 414.6 270.7 406.6 278.6z\"><\/path><\/svg><\/span><span class=\"uagb-icon-list__label\">Verific\u00e1 que al momento de la aplicaci\u00f3n quede registrada cada vacuna que recibas.<\/span><\/div>\n<\/div><\/div>\n<\/div>\n<\/div>\n\n\n\n<h2 class=\"wp-block-heading has-text-align-center has-ast-global-color-0-color has-text-color\" style=\"margin-top:var(--wp--preset--spacing--70);margin-bottom:0;font-style:normal;font-weight:700\">Vacunas para cada etapa de la vida<\/h2>\n\n\n      \n\t\t\t<div class=\"uagb-icon-wrapper uagb-block-fa1ac737  \"\t>\n\t\t\t\t\t\t\t\t\t<span class=\"uagb-svg-wrapper\" \n\t\t\t\t\t aria-label=\"arrow-down-wide-short\"\t\t\t\t\ttabindex=\"0\">\t\t\n\t\t\t\t\t\t\t\t\t\t<svg xmlns=\"https:\/\/www.w3.org\/2000\/svg\" viewBox= \"0 0 576 512\" role=\"graphics-symbol\" aria-hidden=\"false\" aria-label=\"\"><path d=\"M416 288h-95.1c-17.67 0-32 14.33-32 32s14.33 32 32 32H416c17.67 0 32-14.33 32-32S433.7 288 416 288zM544 32h-223.1c-17.67 0-32 14.33-32 32s14.33 32 32 32H544c17.67 0 32-14.33 32-32S561.7 32 544 32zM352 416h-32c-17.67 0-32 14.33-32 32s14.33 32 32 32h32c17.67 0 31.1-14.33 31.1-32S369.7 416 352 416zM480 160h-159.1c-17.67 0-32 14.33-32 32s14.33 32 32 32H480c17.67 0 32-14.33 32-32S497.7 160 480 160zM192.4 330.7L160 366.1V64.03C160 46.33 145.7 32 128 32S96 46.33 96 64.03v302L63.6 330.7c-6.312-6.883-14.94-10.38-23.61-10.38c-7.719 0-15.47 2.781-21.61 8.414c-13.03 11.95-13.9 32.22-1.969 45.27l87.1 96.09c12.12 13.26 35.06 13.26 47.19 0l87.1-96.09c11.94-13.05 11.06-33.31-1.969-45.27C224.6 316.8 204.4 317.7 192.4 330.7z\"><\/path><\/svg>\n\t\t\t\t\t\t\t\t\t<\/span>\n\t\t\t\t\t\t\t<\/div>\n\t\t\t\n\n\n<div class=\"wp-block-uagb-separator uagb-block-bc5837c7\"><div class=\"wp-block-uagb-separator__inner\" style=\"--my-background-image:\"><\/div><\/div>\n\n\n\n<div class=\"wp-block-media-text is-stacked-on-mobile\" style=\"grid-template-columns:22% auto\"><figure class=\"wp-block-media-text__media\"><img loading=\"lazy\" decoding=\"async\" width=\"250\" height=\"250\" src=\"https:\/\/www.hospitalelcalafate.gob.ar\/wp-content\/uploads\/2025\/01\/vacunatorio_0007_Capa-1.png\" alt=\"\" class=\"wp-image-4011 size-full\" srcset=\"https:\/\/www.hospitalelcalafate.gob.ar\/wp-content\/uploads\/2025\/01\/vacunatorio_0007_Capa-1.png 250w, https:\/\/www.hospitalelcalafate.gob.ar\/wp-content\/uploads\/2025\/01\/vacunatorio_0007_Capa-1-150x150.png 150w\" sizes=\"auto, (max-width: 250px) 100vw, 250px\" \/><\/figure><div class=\"wp-block-media-text__content\">\n<h2 class=\"wp-block-heading\">Embarazadas<\/h2>\n\n\n\n<div class=\"wp-block-columns is-layout-flex wp-container-core-columns-is-layout-28f84493 wp-block-columns-is-layout-flex\">\n<div class=\"wp-block-column is-layout-flow wp-block-column-is-layout-flow\">\n<p><\/p>\n\n\n\n<ul class=\"wp-block-list\">\n<li><strong><a href=\"https:\/\/www.argentina.gob.ar\/salud\/vacunas\/triplebacterianaacelular\">Triple bacteriana acelular<\/a><\/strong> <\/li>\n\n\n\n<li><strong><a href=\"https:\/\/www.argentina.gob.ar\/salud\/vacunas\/antigripal\">Antigripal<\/a><\/strong><\/li>\n\n\n\n<li><strong><a href=\"https:\/\/www.argentina.gob.ar\/salud\/vacunas\/hepatitisb\">Hepatitis B<\/a><\/strong>: iniciar o completar esquema<\/li>\n<\/ul>\n<\/div>\n\n\n\n<div class=\"wp-block-column is-layout-flow wp-block-column-is-layout-flow\">\n<p><strong>Vacunas durante el puerperio<\/strong><\/p>\n\n\n\n<ul class=\"wp-block-list\">\n<li><strong><a href=\"https:\/\/www.argentina.gob.ar\/salud\/vacunas\/doble-triple-viral\">Triple Viral<\/a><\/strong><\/li>\n\n\n\n<li><strong><a href=\"https:\/\/www.argentina.gob.ar\/salud\/vacunas\/hepatitisb\">Hepatitis B:<\/a><\/strong>&nbsp;iniciar o completar esquema<\/li>\n\n\n\n<li><strong><a href=\"https:\/\/www.argentina.gob.ar\/salud\/vacunas\/antigripal\">Antigripal<\/a><\/strong><\/li>\n<\/ul>\n<\/div>\n<\/div>\n<\/div><\/div>\n\n\n\n<div class=\"wp-block-uagb-separator uagb-block-aaae4c60\"><div class=\"wp-block-uagb-separator__inner\" style=\"--my-background-image:\"><\/div><\/div>\n\n\n\n<div class=\"wp-block-media-text is-stacked-on-mobile\" style=\"grid-template-columns:22% auto\"><figure class=\"wp-block-media-text__media\"><img loading=\"lazy\" decoding=\"async\" width=\"250\" height=\"250\" src=\"https:\/\/www.hospitalelcalafate.gob.ar\/wp-content\/uploads\/2025\/01\/vacunatorio_0006_Capa-2.png\" alt=\"\" class=\"wp-image-4012 size-full\" srcset=\"https:\/\/www.hospitalelcalafate.gob.ar\/wp-content\/uploads\/2025\/01\/vacunatorio_0006_Capa-2.png 250w, https:\/\/www.hospitalelcalafate.gob.ar\/wp-content\/uploads\/2025\/01\/vacunatorio_0006_Capa-2-150x150.png 150w\" sizes=\"auto, (max-width: 250px) 100vw, 250px\" \/><\/figure><div class=\"wp-block-media-text__content\">\n<h2 class=\"wp-block-heading\">Reci\u00e9n nacidos<\/h2>\n\n\n\n<div class=\"wp-block-columns is-layout-flex wp-container-core-columns-is-layout-28f84493 wp-block-columns-is-layout-flex\">\n<div class=\"wp-block-column is-layout-flow wp-block-column-is-layout-flow\">\n<ul class=\"wp-block-list\">\n<li><a href=\"https:\/\/www.argentina.gob.ar\/salud\/vacunas\/hepatitisb\"><strong>Hepatitis B<\/strong><\/a>: Una dosis neonatal: personas reci\u00e9n nacidas dentro de las primeras 12 horas de vida.<\/li>\n\n\n\n<li><a href=\"https:\/\/www.argentina.gob.ar\/salud\/vacunas\/tuberculosis\"><strong>Tuberculosis (BCG)<\/strong><\/a>: \u00danica dosis: personas reci\u00e9n nacidas, antes de egresar de la maternidad.<\/li>\n<\/ul>\n<\/div>\n<\/div>\n<\/div><\/div>\n\n\n\n<div class=\"wp-block-uagb-separator uagb-block-9288ba3c\"><div class=\"wp-block-uagb-separator__inner\" style=\"--my-background-image:\"><\/div><\/div>\n\n\n\n<div class=\"wp-block-media-text is-stacked-on-mobile\" style=\"grid-template-columns:22% auto\"><figure class=\"wp-block-media-text__media\"><img loading=\"lazy\" decoding=\"async\" width=\"250\" height=\"250\" src=\"https:\/\/www.hospitalelcalafate.gob.ar\/wp-content\/uploads\/2025\/01\/vacunatorio_0005_Capa-3-copia-10.png\" alt=\"\" class=\"wp-image-4013 size-full\" srcset=\"https:\/\/www.hospitalelcalafate.gob.ar\/wp-content\/uploads\/2025\/01\/vacunatorio_0005_Capa-3-copia-10.png 250w, https:\/\/www.hospitalelcalafate.gob.ar\/wp-content\/uploads\/2025\/01\/vacunatorio_0005_Capa-3-copia-10-150x150.png 150w\" sizes=\"auto, (max-width: 250px) 100vw, 250px\" \/><\/figure><div class=\"wp-block-media-text__content\">\n<h2 class=\"wp-block-heading\">Ni\u00f1os hasta el a\u00f1o de vida<\/h2>\n\n\n\n<div class=\"wp-block-columns is-layout-flex wp-container-core-columns-is-layout-28f84493 wp-block-columns-is-layout-flex\">\n<div class=\"wp-block-column is-layout-flow wp-block-column-is-layout-flow\">\n<p><strong>A los 2 meses<\/strong><\/p>\n\n\n\n<ul class=\"wp-block-list\">\n<li><strong><a href=\"https:\/\/www.argentina.gob.ar\/salud\/vacunas\/neumococo\">Neumococo conjugada<\/a><\/strong>: primera dosis.<\/li>\n\n\n\n<li><strong><a href=\"https:\/\/www.argentina.gob.ar\/salud\/vacunas\/polio\">Poliomielitis<\/a><\/strong>: primera dosis (IPV o Salk)<\/li>\n\n\n\n<li><strong><a href=\"https:\/\/www.argentina.gob.ar\/salud\/vacunas\/quintuple\">Qu\u00edntuple (o pentavalente)<\/a><\/strong>: primera dosis.<\/li>\n\n\n\n<li><strong><a href=\"https:\/\/www.argentina.gob.ar\/salud\/vacunas\/rotavirus\">Rotavirus<\/a><\/strong>: primera dosis.<\/li>\n<\/ul>\n\n\n\n<p><strong>A los 3 meses<\/strong><\/p>\n\n\n\n<ul class=\"wp-block-list\">\n<li><strong><a href=\"https:\/\/www.argentina.gob.ar\/salud\/vacunas\/novedadmeningococo\">Meningococo<\/a><\/strong>: primera dosis.<\/li>\n<\/ul>\n\n\n\n<p><strong>A los 4 meses<\/strong><\/p>\n\n\n\n<ul class=\"wp-block-list\">\n<li><strong><a href=\"https:\/\/www.argentina.gob.ar\/salud\/vacunas\/neumococo\">Neumococo conjugada<\/a><\/strong>: segunda dosis.<\/li>\n\n\n\n<li><strong><a href=\"https:\/\/www.argentina.gob.ar\/salud\/vacunas\/polio\">Poliomielitis<\/a><\/strong>: segunda dosis (IPV o Salk)<\/li>\n\n\n\n<li><strong><a href=\"https:\/\/www.argentina.gob.ar\/salud\/vacunas\/quintuple\">Qu\u00edntuple (o pentavalente)<\/a><\/strong>: segunda dosis.<\/li>\n\n\n\n<li><strong><a href=\"https:\/\/www.argentina.gob.ar\/salud\/vacunas\/rotavirus\">Rotavirus<\/a><\/strong>: segunda dosis.<\/li>\n<\/ul>\n<\/div>\n\n\n\n<div class=\"wp-block-column is-layout-flow wp-block-column-is-layout-flow\">\n<p><strong>A los 5 meses<\/strong><\/p>\n\n\n\n<ul class=\"wp-block-list\">\n<li><strong><a href=\"https:\/\/www.argentina.gob.ar\/salud\/vacunas\/novedadmeningococo\">Meningococo<\/a><\/strong>: segunda dosis.<\/li>\n<\/ul>\n\n\n\n<p><strong>A los 6 meses<\/strong><\/p>\n\n\n\n<ul class=\"wp-block-list\">\n<li><strong><a href=\"https:\/\/www.argentina.gob.ar\/salud\/vacunas\/polio\">Poliomielitis<\/a><\/strong>: tercera dosis (IPV o Salk)<\/li>\n\n\n\n<li><strong><a href=\"https:\/\/www.argentina.gob.ar\/salud\/vacunas\/quintuple\">Qu\u00edntuple (o pentavalente)<\/a><\/strong>: tercera dosis.<\/li>\n<\/ul>\n\n\n\n<p><strong>Entre los 6 y los 24 meses<\/strong><\/p>\n\n\n\n<ul class=\"wp-block-list\">\n<li><strong><a href=\"https:\/\/www.argentina.gob.ar\/salud\/vacunas\/antigripal\">Antigripal:<\/a><\/strong>: dos dosis, con un intervalo m\u00ednimo de 4 semanas entre la primera y la segunda. Las personas menores de 24 meses que hubieran recibido dos dosis de vacuna antigripal anteriormente, deber\u00e1n recibir una dosis.<\/li>\n<\/ul>\n\n\n\n<p><strong>A los 12 meses<\/strong><\/p>\n\n\n\n<ul class=\"wp-block-list\">\n<li><strong><a href=\"https:\/\/www.argentina.gob.ar\/salud\/vacunas\/neumococo\">Neumococo conjugada<\/a><\/strong>: refuerzo de dosis<\/li>\n\n\n\n<li><strong><a href=\"https:\/\/www.argentina.gob.ar\/salud\/vacunas\/hepatitisa\">Hepatitis A<\/a><\/strong>: \u00fanica dosis<\/li>\n\n\n\n<li><strong><a href=\"https:\/\/www.argentina.gob.ar\/salud\/vacunas\/tripleviral\">Triple viral<\/a><\/strong>: primera dosis.<\/li>\n<\/ul>\n<\/div>\n<\/div>\n<\/div><\/div>\n\n\n\n<div class=\"wp-block-uagb-separator uagb-block-83377dac\"><div class=\"wp-block-uagb-separator__inner\" style=\"--my-background-image:\"><\/div><\/div>\n\n\n\n<div class=\"wp-block-media-text is-stacked-on-mobile\" style=\"grid-template-columns:22% auto\"><figure class=\"wp-block-media-text__media\"><img loading=\"lazy\" decoding=\"async\" width=\"250\" height=\"250\" src=\"https:\/\/www.hospitalelcalafate.gob.ar\/wp-content\/uploads\/2025\/01\/vacunatorio_0004_Capa-3-copia-6.png\" alt=\"\" class=\"wp-image-4015 size-full\" srcset=\"https:\/\/www.hospitalelcalafate.gob.ar\/wp-content\/uploads\/2025\/01\/vacunatorio_0004_Capa-3-copia-6.png 250w, https:\/\/www.hospitalelcalafate.gob.ar\/wp-content\/uploads\/2025\/01\/vacunatorio_0004_Capa-3-copia-6-150x150.png 150w\" sizes=\"auto, (max-width: 250px) 100vw, 250px\" \/><\/figure><div class=\"wp-block-media-text__content\">\n<h2 class=\"wp-block-heading\">Ni\u00f1os hasta los 2 a\u00f1os<\/h2>\n\n\n\n<div class=\"wp-block-columns is-layout-flex wp-container-core-columns-is-layout-28f84493 wp-block-columns-is-layout-flex\">\n<div class=\"wp-block-column is-layout-flow wp-block-column-is-layout-flow\">\n<p><strong>Entre los 6 y 24 meses<\/strong><\/p>\n\n\n\n<ul class=\"wp-block-list\">\n<li><strong><a href=\"https:\/\/www.argentina.gob.ar\/salud\/vacunas\/antigripal\">Antigripal:<\/a><\/strong>&nbsp;dos dosis, con un intervalo m\u00ednimo de 4 semanas entre la primera y la segunda. Las personas menores de 24 meses que hubieran recibido dos dosis de vacuna antigripal anteriormente, deber\u00e1n recibir s\u00f3lo una dosis.<\/li>\n<\/ul>\n\n\n\n<p><strong>A los 15 meses<\/strong><\/p>\n\n\n\n<ul class=\"wp-block-list\">\n<li><strong><a href=\"https:\/\/www.argentina.gob.ar\/salud\/vacunas\/novedadmeningococo\">Meningococo<\/a><\/strong>: refuerzo.<\/li>\n\n\n\n<li><strong><a href=\"https:\/\/www.argentina.gob.ar\/salud\/vacunas\/varicela\">Varicela<\/a><\/strong>: primera dosis.<\/li>\n<\/ul>\n<\/div>\n\n\n\n<div class=\"wp-block-column is-layout-flow wp-block-column-is-layout-flow\">\n<p><strong>Entre los 15 y los 18 meses<\/strong><\/p>\n\n\n\n<ul class=\"wp-block-list\">\n<li><strong><a href=\"https:\/\/www.argentina.gob.ar\/salud\/vacunas\/cuadruple-o-quintuple-pentavalente\">Qu\u00edntuple (o pentavalente)<\/a><\/strong>: refuerzo de dosis.<\/li>\n<\/ul>\n\n\n\n<p><strong>A los 18 meses<\/strong><\/p>\n\n\n\n<ul class=\"wp-block-list\">\n<li><strong><a href=\"https:\/\/www.argentina.gob.ar\/fiebreamarilla\/vacuna\">Fiebre amarilla<\/a><\/strong>: primera dosis, solo para quienes residan en zonas de riesgo.<\/li>\n<\/ul>\n<\/div>\n<\/div>\n<\/div><\/div>\n\n\n\n<div class=\"wp-block-uagb-separator uagb-block-6d183e3f\"><div class=\"wp-block-uagb-separator__inner\" style=\"--my-background-image:\"><\/div><\/div>\n\n\n\n<div class=\"wp-block-media-text is-stacked-on-mobile\" style=\"grid-template-columns:22% auto\"><figure class=\"wp-block-media-text__media\"><img loading=\"lazy\" decoding=\"async\" width=\"250\" height=\"250\" src=\"https:\/\/www.hospitalelcalafate.gob.ar\/wp-content\/uploads\/2025\/01\/vacunatorio_0003_Capa-3.png\" alt=\"\" class=\"wp-image-4016 size-full\" srcset=\"https:\/\/www.hospitalelcalafate.gob.ar\/wp-content\/uploads\/2025\/01\/vacunatorio_0003_Capa-3.png 250w, https:\/\/www.hospitalelcalafate.gob.ar\/wp-content\/uploads\/2025\/01\/vacunatorio_0003_Capa-3-150x150.png 150w\" sizes=\"auto, (max-width: 250px) 100vw, 250px\" \/><\/figure><div class=\"wp-block-media-text__content\">\n<h2 class=\"wp-block-heading\">Ni\u00f1os de 5 a\u00f1os<\/h2>\n\n\n\n<div class=\"wp-block-columns is-layout-flex wp-container-core-columns-is-layout-28f84493 wp-block-columns-is-layout-flex\">\n<div class=\"wp-block-column is-layout-flow wp-block-column-is-layout-flow\">\n<ul class=\"wp-block-list\">\n<li><strong><a href=\"https:\/\/www.argentina.gob.ar\/salud\/vacunas\/polio\">IPV<\/a><\/strong>&nbsp;para prevenir la&nbsp;poliomielitis.<\/li>\n\n\n\n<li><strong><a href=\"https:\/\/www.argentina.gob.ar\/salud\/vacunas\/tripleviral\">Triple viral SRP<\/a><\/strong>&nbsp;para prevenir el&nbsp;sarampi\u00f3n, la&nbsp;rub\u00e9ola&nbsp;y las&nbsp;paperas.<\/li>\n\n\n\n<li><strong><a href=\"https:\/\/www.argentina.gob.ar\/salud\/vacunas\/triplebacterianacelular\">Triple bacteriana celular<\/a><\/strong>&nbsp;para prevenir la difteria, el t\u00e9tanos y la tos convulsa.<\/li>\n\n\n\n<li><strong><a href=\"https:\/\/www.argentina.gob.ar\/salud\/vacunas\/varicela\">Varicela<\/a><\/strong>&nbsp;para prevenir la varicela.<\/li>\n<\/ul>\n<\/div>\n<\/div>\n<\/div><\/div>\n\n\n\n<div class=\"wp-block-uagb-separator uagb-block-00cc2f11\"><div class=\"wp-block-uagb-separator__inner\" style=\"--my-background-image:\"><\/div><\/div>\n\n\n\n<div class=\"wp-block-media-text is-stacked-on-mobile\" style=\"grid-template-columns:22% auto\"><figure class=\"wp-block-media-text__media\"><img loading=\"lazy\" decoding=\"async\" width=\"250\" height=\"250\" src=\"https:\/\/www.hospitalelcalafate.gob.ar\/wp-content\/uploads\/2025\/01\/vacunatorio_0002_Capa-4.png\" alt=\"\" class=\"wp-image-4018 size-full\" srcset=\"https:\/\/www.hospitalelcalafate.gob.ar\/wp-content\/uploads\/2025\/01\/vacunatorio_0002_Capa-4.png 250w, https:\/\/www.hospitalelcalafate.gob.ar\/wp-content\/uploads\/2025\/01\/vacunatorio_0002_Capa-4-150x150.png 150w\" sizes=\"auto, (max-width: 250px) 100vw, 250px\" \/><\/figure><div class=\"wp-block-media-text__content\">\n<h2 class=\"wp-block-heading\">Ni\u00f1os a los 11 a\u00f1os<\/h2>\n\n\n\n<div class=\"wp-block-columns is-layout-flex wp-container-core-columns-is-layout-28f84493 wp-block-columns-is-layout-flex\">\n<div class=\"wp-block-column is-layout-flow wp-block-column-is-layout-flow\">\n<ul class=\"wp-block-list\">\n<li><strong><a href=\"https:\/\/www.argentina.gob.ar\/salud\/vacunas\/vph\">VPH (Virus del Papiloma Humano)<\/a><\/strong>: primera y segunda dosis separadas por un intervalo m\u00ednimo de 6 meses.<\/li>\n\n\n\n<li><strong><a href=\"https:\/\/www.argentina.gob.ar\/salud\/vacunas\/novedadmeningococo\">Meningococo<\/a><\/strong>: una \u00fanica dosis.<\/li>\n\n\n\n<li><strong><a href=\"https:\/\/www.argentina.gob.ar\/salud\/vacunas\/hepatitisb\">Hepatitis B<\/a><\/strong>: iniciar o completar esquemas (3 dosis)<\/li>\n\n\n\n<li><strong><a href=\"https:\/\/www.argentina.gob.ar\/salud\/vacunas\/triplebacterianaacelular\">Triple bacteriana acelular<\/a><\/strong>: una \u00fanica dosis.<\/li>\n\n\n\n<li><strong><a href=\"https:\/\/www.argentina.gob.ar\/salud\/vacunas\/fiebreamarilla\">Fiebre amarilla<\/a><\/strong>: refuerzo para quienes residan en zonas de riesgo.<\/li>\n<\/ul>\n<\/div>\n<\/div>\n<\/div><\/div>\n\n\n\n<div class=\"wp-block-uagb-separator uagb-block-fdfb7ec3\"><div class=\"wp-block-uagb-separator__inner\" style=\"--my-background-image:\"><\/div><\/div>\n\n\n\n<div class=\"wp-block-media-text is-stacked-on-mobile\" style=\"grid-template-columns:21% auto\"><figure class=\"wp-block-media-text__media\"><img loading=\"lazy\" decoding=\"async\" width=\"250\" height=\"250\" src=\"https:\/\/www.hospitalelcalafate.gob.ar\/wp-content\/uploads\/2025\/01\/vacunatorio_0001_Capa-5.png\" alt=\"\" class=\"wp-image-4019 size-full\" srcset=\"https:\/\/www.hospitalelcalafate.gob.ar\/wp-content\/uploads\/2025\/01\/vacunatorio_0001_Capa-5.png 250w, https:\/\/www.hospitalelcalafate.gob.ar\/wp-content\/uploads\/2025\/01\/vacunatorio_0001_Capa-5-150x150.png 150w\" sizes=\"auto, (max-width: 250px) 100vw, 250px\" \/><\/figure><div class=\"wp-block-media-text__content\">\n<h2 class=\"wp-block-heading\"> J\u00f3venes y adultos<\/h2>\n\n\n\n<div class=\"wp-block-columns is-layout-flex wp-container-core-columns-is-layout-28f84493 wp-block-columns-is-layout-flex\">\n<div class=\"wp-block-column is-layout-flow wp-block-column-is-layout-flow\">\n<p>La vacunaci\u00f3n en esta etapa de la vida es crucial para recibir refuerzos de vacunas ya aplicadas, brindar protecci\u00f3n contra otras enfermedades as\u00ed como completar esquemas.<\/p>\n\n\n\n<ul class=\"wp-block-list\">\n<li><strong><a href=\"https:\/\/www.argentina.gob.ar\/salud\/vacunas\/doblebacteriana\">Doble bacteriana<\/a><\/strong>: iniciar o completar esquema de 3 dosis, luego continuar con una dosis de refuerzo cada 10 a\u00f1os.<\/li>\n\n\n\n<li><strong><a href=\"https:\/\/www.argentina.gob.ar\/salud\/vacunas\/tripleviral\">Doble o triple viral<\/a><\/strong>: toda persona a partir de los 5 a\u00f1os debe acreditar 2 dosis de vacuna con componente contra sarampi\u00f3n y rub\u00e9ola aplicadas despu\u00e9s del a\u00f1o de vida. Las personas nacidas antes del a\u00f1o 1965 se consideran inmunes por haber estado expuestas a ambos virus.<\/li>\n\n\n\n<li><strong><a href=\"https:\/\/www.argentina.gob.ar\/salud\/vacunas\/hepatitisb\">Hepatitis B<\/a><\/strong>: desde 2012 es obligatoria para todas las personas de cualquier edad. Las personas no vacunadas deber\u00e1n iniciar el esquema de vacunaci\u00f3n de tres dosis. En el caso de haber recibido alguna dosis previa, completar con las dosis que falten.<\/li>\n\n\n\n<li><strong><a href=\"https:\/\/www.argentina.gob.ar\/salud\/vacunas\/antigripal\">Antigripal<\/a><\/strong>: una dosis anual para personas j\u00f3venes y adultas con ciertas enfermedades cr\u00f3nicas.<\/li>\n<\/ul>\n<\/div>\n\n\n\n<div class=\"wp-block-column is-layout-flow wp-block-column-is-layout-flow\">\n<p>Son considerados factores de riesgo: obesidad, diabetes, enfermedades respiratorias cr\u00f3nicas, enfermedades card\u00edacas cr\u00f3nicas, inmunodeficiencias cong\u00e9nitas o adquiridas, enfermedad oncohematol\u00f3gica, trasplante de \u00f3rgano s\u00f3lido o de m\u00e9dula \u00f3sea y\/o insuficiencia renal cr\u00f3nica en di\u00e1lisis, entre otros.<br>A fin de promover la vacunaci\u00f3n en personas con factores de riesgo se puede presentar orden m\u00e9dica o cualquier documentaci\u00f3n que certifique la existencia de enfermedades preexistentes.<\/p>\n\n\n\n<ul class=\"wp-block-list\">\n<li><strong><a href=\"https:\/\/www.argentina.gob.ar\/salud\/vacunas\/fiebre-hemorragica\">Fiebre Hemorr\u00e1gica Argentina<\/a>:<\/strong>&nbsp;a partir de los 15 a\u00f1os para personas que residan o trabajen en la zona end\u00e9mica (ciertas jurisdicciones de Buenos Aires, C\u00f3rdoba, Santa Fe y La Pampa).<\/li>\n\n\n\n<li><strong><a href=\"https:\/\/www.argentina.gob.ar\/salud\/fiebreamarilla\/que-es\">Fiebre amarilla<\/a>:<\/strong>&nbsp;para quienes residen en zona de riesgo, provincias de Misiones, Corrientes y Formosa y algunos departamentos de Chaco, Salta y Jujuy, el Calendario Nacional de Vacunaci\u00f3n incluye:<\/li>\n<\/ul>\n<\/div>\n<\/div>\n\n\n\n<p><strong>Personas viajeras<\/strong>: se recomienda la vacunaci\u00f3n si su destino es una zona con riesgo de transmisi\u00f3n comprobada de fiebre amarilla. Deben recibir la vacuna al menos diez d\u00edas antes de arribar al destino quienes no presenten contraindicaciones o precauciones para recibirla. Ten\u00e9 en cuenta que algunos pa\u00edses solicitan como requisito para ingresar a su territorio la presentaci\u00f3n del certificado internacional.<\/p>\n<\/div><\/div>\n\n\n\n<div class=\"wp-block-uagb-separator uagb-block-845f8ab1\"><div class=\"wp-block-uagb-separator__inner\" style=\"--my-background-image:\"><\/div><\/div>\n\n\n\n<div class=\"wp-block-media-text is-stacked-on-mobile\" style=\"grid-template-columns:22% auto\"><figure class=\"wp-block-media-text__media\"><img loading=\"lazy\" decoding=\"async\" width=\"250\" height=\"250\" src=\"https:\/\/www.hospitalelcalafate.gob.ar\/wp-content\/uploads\/2025\/01\/vacunatorio_0000_Capa-7.png\" alt=\"\" class=\"wp-image-4020 size-full\" srcset=\"https:\/\/www.hospitalelcalafate.gob.ar\/wp-content\/uploads\/2025\/01\/vacunatorio_0000_Capa-7.png 250w, https:\/\/www.hospitalelcalafate.gob.ar\/wp-content\/uploads\/2025\/01\/vacunatorio_0000_Capa-7-150x150.png 150w\" sizes=\"auto, (max-width: 250px) 100vw, 250px\" \/><\/figure><div class=\"wp-block-media-text__content\">\n<h2 class=\"wp-block-heading\">Personas a partir de los 65 a\u00f1os<\/h2>\n\n\n\n<p>Las personas adultas de 65 a\u00f1os o m\u00e1s deben continuar con los refuerzos de vacunas ya aplicadas, completar esquemas y protegerse contra la gripe y el neumococo, principales causas de complicaciones en esta etapa de la vida.<\/p>\n\n\n\n<div class=\"wp-block-columns is-layout-flex wp-container-core-columns-is-layout-28f84493 wp-block-columns-is-layout-flex\">\n<div class=\"wp-block-column is-layout-flow wp-block-column-is-layout-flow\">\n<ul class=\"wp-block-list\">\n<li><strong><a href=\"https:\/\/www.argentina.gob.ar\/salud\/vacunas\/antigripal\">Antigripal<\/a><\/strong>: una dosis anual.<\/li>\n\n\n\n<li><strong><a href=\"https:\/\/www.argentina.gob.ar\/salud\/vacunas\/neumococo\">Neumococo<\/a><\/strong>: esquema secuencial de dos vacunas (vacuna conjugada 13 valente y al a\u00f1o siguiente aplicar polisac\u00e1rida 23 valente)<\/li>\n<\/ul>\n<\/div>\n<\/div>\n<\/div><\/div>\n\n\n\n<div class=\"wp-block-uagb-separator uagb-block-b59e27a0\"><div class=\"wp-block-uagb-separator__inner\" style=\"--my-background-image:\"><\/div><\/div>\n","protected":false},"excerpt":{"rendered":"<p>Record\u00e1 Vacunas para cada etapa de la vida<\/p>\n","protected":false},"author":3,"featured_media":0,"parent":0,"menu_order":0,"comment_status":"closed","ping_status":"closed","template":"","meta":{"_eb_attr":"","_uag_custom_page_level_css":"","advgb_blocks_editor_width":"","advgb_blocks_columns_visual_guide":"","site-sidebar-layout":"default","site-content-layout":"","ast-site-content-layout":"default","site-content-style":"default","site-sidebar-style":"default","ast-global-header-display":"","ast-banner-title-visibility":"","ast-main-header-display":"","ast-hfb-above-header-display":"","ast-hfb-below-header-display":"","ast-hfb-mobile-header-display":"","site-post-title":"disabled","ast-breadcrumbs-content":"","ast-featured-img":"","footer-sml-layout":"","theme-transparent-header-meta":"","adv-header-id-meta":"","stick-header-meta":"","header-above-stick-meta":"","header-main-stick-meta":"","header-below-stick-meta":"","astra-migrate-meta-layouts":"set","ast-page-background-enabled":"default","ast-page-background-meta":{"desktop":{"background-color":"var(--ast-global-color-4)","background-image":"","background-repeat":"repeat","background-position":"center center","background-size":"auto","background-attachment":"scroll","background-type":"","background-media":"","overlay-type":"","overlay-color":"","overlay-opacity":"","overlay-gradient":""},"tablet":{"background-color":"","background-image":"","background-repeat":"repeat","background-position":"center center","background-size":"auto","background-attachment":"scroll","background-type":"","background-media":"","overlay-type":"","overlay-color":"","overlay-opacity":"","overlay-gradient":""},"mobile":{"background-color":"","background-image":"","background-repeat":"repeat","background-position":"center center","background-size":"auto","background-attachment":"scroll","background-type":"","background-media":"","overlay-type":"","overlay-color":"","overlay-opacity":"","overlay-gradient":""}},"ast-content-background-meta":{"desktop":{"background-color":"var(--ast-global-color-5)","background-image":"","background-repeat":"repeat","background-position":"center center","background-size":"auto","background-attachment":"scroll","background-type":"","background-media":"","overlay-type":"","overlay-color":"","overlay-opacity":"","overlay-gradient":""},"tablet":{"background-color":"var(--ast-global-color-5)","background-image":"","background-repeat":"repeat","background-position":"center center","background-size":"auto","background-attachment":"scroll","background-type":"","background-media":"","overlay-type":"","overlay-color":"","overlay-opacity":"","overlay-gradient":""},"mobile":{"background-color":"var(--ast-global-color-5)","background-image":"","background-repeat":"repeat","background-position":"center center","background-size":"auto","background-attachment":"scroll","background-type":"","background-media":"","overlay-type":"","overlay-color":"","overlay-opacity":"","overlay-gradient":""}},"footnotes":""},"class_list":["post-1969","page","type-page","status-publish","hentry"],"uagb_featured_image_src":{"full":false,"thumbnail":false,"medium":false,"medium_large":false,"large":false,"1536x1536":false,"2048x2048":false},"uagb_author_info":{"display_name":"Comunicaci\u00f3n","author_link":"https:\/\/www.hospitalelcalafate.gob.ar\/?author=3"},"uagb_comment_info":0,"uagb_excerpt":"Record\u00e1 Vacunas para cada etapa de la vida","coauthors":[],"author_meta":{"author_link":"https:\/\/www.hospitalelcalafate.gob.ar\/?author=3","display_name":"Comunicaci\u00f3n"},"relative_dates":{"created":"Publicado 3 a\u00f1os hace","modified":"Actualizado 1 a\u00f1o hace"},"absolute_dates":{"created":"Publicado el 23 de agosto de 2023","modified":"Actualizado el 5 de febrero de 2025"},"absolute_dates_time":{"created":"Publicado el 23 de agosto de 2023 1:28 pm","modified":"Actualizado el 5 de febrero de 2025 2:41 pm"},"featured_img_caption":"","featured_img":false,"series_order":"","_links":{"self":[{"href":"https:\/\/www.hospitalelcalafate.gob.ar\/index.php?rest_route=\/wp\/v2\/pages\/1969","targetHints":{"allow":["GET"]}}],"collection":[{"href":"https:\/\/www.hospitalelcalafate.gob.ar\/index.php?rest_route=\/wp\/v2\/pages"}],"about":[{"href":"https:\/\/www.hospitalelcalafate.gob.ar\/index.php?rest_route=\/wp\/v2\/types\/page"}],"author":[{"embeddable":true,"href":"https:\/\/www.hospitalelcalafate.gob.ar\/index.php?rest_route=\/wp\/v2\/users\/3"}],"replies":[{"embeddable":true,"href":"https:\/\/www.hospitalelcalafate.gob.ar\/index.php?rest_route=%2Fwp%2Fv2%2Fcomments&post=1969"}],"version-history":[{"count":12,"href":"https:\/\/www.hospitalelcalafate.gob.ar\/index.php?rest_route=\/wp\/v2\/pages\/1969\/revisions"}],"predecessor-version":[{"id":4103,"href":"https:\/\/www.hospitalelcalafate.gob.ar\/index.php?rest_route=\/wp\/v2\/pages\/1969\/revisions\/4103"}],"wp:attachment":[{"href":"https:\/\/www.hospitalelcalafate.gob.ar\/index.php?rest_route=%2Fwp%2Fv2%2Fmedia&parent=1969"}],"curies":[{"name":"wp","href":"https:\/\/api.w.org\/{rel}","templated":true}]}}