{"id":2434,"date":"2023-09-04T13:45:32","date_gmt":"2023-09-04T13:45:32","guid":{"rendered":"https:\/\/www.hospitalelcalafate.gob.ar\/?page_id=2434"},"modified":"2024-07-29T08:34:03","modified_gmt":"2024-07-29T11:34:03","slug":"jornadas-y-capacitaciones","status":"publish","type":"page","link":"https:\/\/www.hospitalelcalafate.gob.ar\/?page_id=2434","title":{"rendered":"Jornadas y Capacitaciones"},"content":{"rendered":"\n<div class=\"wp-block-cover alignfull\" style=\"margin-bottom:var(--wp--preset--spacing--80);min-height:100px;aspect-ratio:unset;\"><span aria-hidden=\"true\" class=\"wp-block-cover__background has-background-dim-20 has-background-dim\" style=\"background-color:#002243\"><\/span><img loading=\"lazy\" decoding=\"async\" width=\"1200\" height=\"150\" class=\"wp-block-cover__image-background wp-image-3524\" alt=\"\" src=\"https:\/\/www.hospitalelcalafate.gob.ar\/wp-content\/uploads\/2024\/07\/FondoTituloRelieveAzul.png\" data-object-fit=\"cover\" srcset=\"https:\/\/www.hospitalelcalafate.gob.ar\/wp-content\/uploads\/2024\/07\/FondoTituloRelieveAzul.png 1200w, https:\/\/www.hospitalelcalafate.gob.ar\/wp-content\/uploads\/2024\/07\/FondoTituloRelieveAzul-300x38.png 300w, https:\/\/www.hospitalelcalafate.gob.ar\/wp-content\/uploads\/2024\/07\/FondoTituloRelieveAzul-1024x128.png 1024w, https:\/\/www.hospitalelcalafate.gob.ar\/wp-content\/uploads\/2024\/07\/FondoTituloRelieveAzul-768x96.png 768w\" sizes=\"auto, (max-width: 1200px) 100vw, 1200px\" \/><div class=\"wp-block-cover__inner-container is-layout-flow wp-block-cover-is-layout-flow\">\n<h2 class=\"wp-block-heading has-text-align-center has-ast-global-color-5-color has-text-color has-link-color has-large-font-size wp-elements-e1b2be6b1bc7d03ce7adef0dddd3655e\">Jornadas y Capacitaciones<\/h2>\n<\/div><\/div>\n\n\n\n<div class=\"wp-block-uagb-container uagb-block-3c9c8659 alignfull uagb-is-root-container\"><div class=\"uagb-container-inner-blocks-wrap\">\n\t\t\t<div class=\"wp-block-uagb-post-grid uagb-post-grid  uagb-post__image-position-top uagb-post__image-enabled uagb-block-74348446     uagb-post__items uagb-post__columns-3 is-grid uagb-post__columns-tablet-2 uagb-post__columns-mobile-1 uagb-post__equal-height\" data-total=\"2\" style=\"\">\n\n\t\t\t\t\t\t\t\t\t\t\t\t<article class=\"uagb-post__inner-wrap\">\t\t\t\t\t\t\t\t<div class='uagb-post__image'>\n\t\t\t\t\t\t\t\t\t<a href=\"https:\/\/www.hospitalelcalafate.gob.ar\/?p=4043\" target=\"_self\" rel=\"bookmark noopener noreferrer\" class='uagb-image-ratio-2-3'><img loading=\"lazy\" decoding=\"async\" width=\"600\" height=\"750\" src=\"https:\/\/www.hospitalelcalafate.gob.ar\/wp-content\/uploads\/2025\/01\/portada-epf.png\" class=\"attachment-large size-large\" alt=\"\" srcset=\"https:\/\/www.hospitalelcalafate.gob.ar\/wp-content\/uploads\/2025\/01\/portada-epf.png 600w, https:\/\/www.hospitalelcalafate.gob.ar\/wp-content\/uploads\/2025\/01\/portada-epf-240x300.png 240w\" sizes=\"auto, (max-width: 600px) 100vw, 600px\" \/>\t\t\t\t\t<\/a>\n\t\t\t\t\t\t\t<\/div>\n\t\t\t\t\t\t<h4 class=\"uagb-post__title uagb-post__text\">\n\t\t\t\t<a href=\"https:\/\/www.hospitalelcalafate.gob.ar\/?p=4043\" target=\"_self\" rel=\"bookmark noopener noreferrer\">Enfermedades Poco Frecuentes<\/a>\n\t\t\t<\/h4>\n\t\t\t\t\t\t<div class='uagb-post__text uagb-post-grid-byline'>\n\t\t\t\t\t\t\t\t<time datetime=\"2025-01-22T13:04:23-03:00\" class=\"uagb-post__date\">\n\t\t\t\t\t\t\t\t\t22 de enero de 2025\t\t\t\t<\/time>\n\t\t\t\t\t\t<\/div>\n\t\t\t\n\t\t\t\t\t\t\t\t\t<\/article>\n\t\t\t\t\t\t\t\t\t\t\t\t\t\t\t\t<article class=\"uagb-post__inner-wrap\">\t\t\t\t\t\t\t\t<div class='uagb-post__image'>\n\t\t\t\t\t\t\t\t\t<a href=\"https:\/\/www.hospitalelcalafate.gob.ar\/?p=4002\" target=\"_self\" rel=\"bookmark noopener noreferrer\" class='uagb-image-ratio-2-3'><img loading=\"lazy\" decoding=\"async\" width=\"600\" height=\"750\" src=\"https:\/\/www.hospitalelcalafate.gob.ar\/wp-content\/uploads\/2025\/01\/portada-web-maternidad.png\" class=\"attachment-large size-large\" alt=\"\" srcset=\"https:\/\/www.hospitalelcalafate.gob.ar\/wp-content\/uploads\/2025\/01\/portada-web-maternidad.png 600w, https:\/\/www.hospitalelcalafate.gob.ar\/wp-content\/uploads\/2025\/01\/portada-web-maternidad-240x300.png 240w\" sizes=\"auto, (max-width: 600px) 100vw, 600px\" \/>\t\t\t\t\t<\/a>\n\t\t\t\t\t\t\t<\/div>\n\t\t\t\t\t\t<h4 class=\"uagb-post__title uagb-post__text\">\n\t\t\t\t<a href=\"https:\/\/www.hospitalelcalafate.gob.ar\/?p=4002\" target=\"_self\" rel=\"bookmark noopener noreferrer\">Acompa\u00f1amiento Integral para el embarazo y el nacimiento<\/a>\n\t\t\t<\/h4>\n\t\t\t\t\t\t<div class='uagb-post__text uagb-post-grid-byline'>\n\t\t\t\t\t\t\t\t<time datetime=\"2025-01-15T17:22:34-03:00\" class=\"uagb-post__date\">\n\t\t\t\t\t\t\t\t\t15 de enero de 2025\t\t\t\t<\/time>\n\t\t\t\t\t\t<\/div>\n\t\t\t\n\t\t\t\t\t\t\t\t\t<\/article>\n\t\t\t\t\t\t\t\t\t\t\t\t\t\t\t\t<article class=\"uagb-post__inner-wrap\">\t\t\t\t\t\t\t\t<div class='uagb-post__image'>\n\t\t\t\t\t\t\t\t\t<a href=\"https:\/\/www.hospitalelcalafate.gob.ar\/?p=3870\" target=\"_self\" rel=\"bookmark noopener noreferrer\" class='uagb-image-ratio-2-3'><img loading=\"lazy\" decoding=\"async\" width=\"800\" height=\"400\" src=\"https:\/\/www.hospitalelcalafate.gob.ar\/wp-content\/uploads\/2024\/10\/Portada-entrada-inicio.png\" class=\"attachment-large size-large\" alt=\"\" srcset=\"https:\/\/www.hospitalelcalafate.gob.ar\/wp-content\/uploads\/2024\/10\/Portada-entrada-inicio.png 800w, https:\/\/www.hospitalelcalafate.gob.ar\/wp-content\/uploads\/2024\/10\/Portada-entrada-inicio-300x150.png 300w, https:\/\/www.hospitalelcalafate.gob.ar\/wp-content\/uploads\/2024\/10\/Portada-entrada-inicio-768x384.png 768w\" sizes=\"auto, (max-width: 800px) 100vw, 800px\" \/>\t\t\t\t\t<\/a>\n\t\t\t\t\t\t\t<\/div>\n\t\t\t\t\t\t<h4 class=\"uagb-post__title uagb-post__text\">\n\t\t\t\t<a href=\"https:\/\/www.hospitalelcalafate.gob.ar\/?p=3870\" target=\"_self\" rel=\"bookmark noopener noreferrer\">OCTUBRE ROSA<\/a>\n\t\t\t<\/h4>\n\t\t\t\t\t\t<div class='uagb-post__text uagb-post-grid-byline'>\n\t\t\t\t\t\t\t\t<time datetime=\"2024-10-29T10:49:35-03:00\" class=\"uagb-post__date\">\n\t\t\t\t\t\t\t\t\t29 de octubre de 2024\t\t\t\t<\/time>\n\t\t\t\t\t\t<\/div>\n\t\t\t\n\t\t\t\t\t\t\t\t\t<\/article>\n\t\t\t\t\t\t\t\t\t\t\t\t\t\t\t\t<article class=\"uagb-post__inner-wrap\">\t\t\t\t\t\t\t\t<div class='uagb-post__image'>\n\t\t\t\t\t\t\t\t\t<a href=\"https:\/\/www.hospitalelcalafate.gob.ar\/?p=2519\" target=\"_self\" rel=\"bookmark noopener noreferrer\" class='uagb-image-ratio-2-3'><img loading=\"lazy\" decoding=\"async\" width=\"600\" height=\"377\" src=\"https:\/\/www.hospitalelcalafate.gob.ar\/wp-content\/uploads\/2023\/09\/epf4.jpg\" class=\"attachment-large size-large\" alt=\"\" srcset=\"https:\/\/www.hospitalelcalafate.gob.ar\/wp-content\/uploads\/2023\/09\/epf4.jpg 600w, https:\/\/www.hospitalelcalafate.gob.ar\/wp-content\/uploads\/2023\/09\/epf4-300x189.jpg 300w\" sizes=\"auto, (max-width: 600px) 100vw, 600px\" \/>\t\t\t\t\t<\/a>\n\t\t\t\t\t\t\t<\/div>\n\t\t\t\t\t\t<h4 class=\"uagb-post__title uagb-post__text\">\n\t\t\t\t<a href=\"https:\/\/www.hospitalelcalafate.gob.ar\/?p=2519\" target=\"_self\" rel=\"bookmark noopener noreferrer\">Cuarta Jornada de Enfermedades poco frecuentes<\/a>\n\t\t\t<\/h4>\n\t\t\t\t\t\t<div class='uagb-post__text uagb-post-grid-byline'>\n\t\t\t\t\t\t\t\t<time datetime=\"2023-09-06T13:52:09-03:00\" class=\"uagb-post__date\">\n\t\t\t\t\t\t\t\t\t6 de septiembre de 2023\t\t\t\t<\/time>\n\t\t\t\t\t\t<\/div>\n\t\t\t\n\t\t\t\t\t\t\t\t\t<\/article>\n\t\t\t\t\t\t\t\t\t\t\t\t\t\t\t\t<article class=\"uagb-post__inner-wrap\">\t\t\t\t\t\t\t\t<div class='uagb-post__image'>\n\t\t\t\t\t\t\t\t\t<a href=\"https:\/\/www.hospitalelcalafate.gob.ar\/?p=2477\" target=\"_self\" rel=\"bookmark noopener noreferrer\" class='uagb-image-ratio-2-3'><img loading=\"lazy\" decoding=\"async\" width=\"600\" height=\"750\" src=\"https:\/\/www.hospitalelcalafate.gob.ar\/wp-content\/uploads\/2023\/09\/alimentacion-1.png\" class=\"attachment-large size-large\" alt=\"\" srcset=\"https:\/\/www.hospitalelcalafate.gob.ar\/wp-content\/uploads\/2023\/09\/alimentacion-1.png 600w, https:\/\/www.hospitalelcalafate.gob.ar\/wp-content\/uploads\/2023\/09\/alimentacion-1-240x300.png 240w\" sizes=\"auto, (max-width: 600px) 100vw, 600px\" \/>\t\t\t\t\t<\/a>\n\t\t\t\t\t\t\t<\/div>\n\t\t\t\t\t\t<h4 class=\"uagb-post__title uagb-post__text\">\n\t\t\t\t<a href=\"https:\/\/www.hospitalelcalafate.gob.ar\/?p=2477\" target=\"_self\" rel=\"bookmark noopener noreferrer\">Alimentaci\u00f3n en los dos primeros a\u00f1os de vida<\/a>\n\t\t\t<\/h4>\n\t\t\t\t\t\t<div class='uagb-post__text uagb-post-grid-byline'>\n\t\t\t\t\t\t\t\t<time datetime=\"2023-08-25T13:18:23-03:00\" class=\"uagb-post__date\">\n\t\t\t\t\t\t\t\t\t25 de agosto de 2023\t\t\t\t<\/time>\n\t\t\t\t\t\t<\/div>\n\t\t\t\n\t\t\t\t\t\t\t\t\t<\/article>\n\t\t\t\t\t\t\t\t\t\t\t\t\t\t\t\t<article class=\"uagb-post__inner-wrap\">\t\t\t\t\t\t\t\t<div class='uagb-post__image'>\n\t\t\t\t\t\t\t\t\t<a href=\"https:\/\/www.hospitalelcalafate.gob.ar\/?p=2474\" target=\"_self\" rel=\"bookmark noopener noreferrer\" class='uagb-image-ratio-2-3'><img loading=\"lazy\" decoding=\"async\" width=\"900\" height=\"390\" src=\"https:\/\/www.hospitalelcalafate.gob.ar\/wp-content\/uploads\/2023\/09\/como-y-me-hincho.png\" class=\"attachment-large size-large\" alt=\"\" srcset=\"https:\/\/www.hospitalelcalafate.gob.ar\/wp-content\/uploads\/2023\/09\/como-y-me-hincho.png 900w, https:\/\/www.hospitalelcalafate.gob.ar\/wp-content\/uploads\/2023\/09\/como-y-me-hincho-300x130.png 300w, https:\/\/www.hospitalelcalafate.gob.ar\/wp-content\/uploads\/2023\/09\/como-y-me-hincho-768x333.png 768w\" sizes=\"auto, (max-width: 900px) 100vw, 900px\" \/>\t\t\t\t\t<\/a>\n\t\t\t\t\t\t\t<\/div>\n\t\t\t\t\t\t<h4 class=\"uagb-post__title uagb-post__text\">\n\t\t\t\t<a href=\"https:\/\/www.hospitalelcalafate.gob.ar\/?p=2474\" target=\"_self\" rel=\"bookmark noopener noreferrer\">Como y me hincho<\/a>\n\t\t\t<\/h4>\n\t\t\t\t\t\t<div class='uagb-post__text uagb-post-grid-byline'>\n\t\t\t\t\t\t\t\t<time datetime=\"2023-07-28T16:00:27-03:00\" class=\"uagb-post__date\">\n\t\t\t\t\t\t\t\t\t28 de julio de 2023\t\t\t\t<\/time>\n\t\t\t\t\t\t<\/div>\n\t\t\t\n\t\t\t\t\t\t\t\t\t<\/article>\n\t\t\t\t\t\t\t\t\t\t\t\t\t\t\t\t<article class=\"uagb-post__inner-wrap\">\t\t\t\t\t\t\t\t<div class='uagb-post__image'>\n\t\t\t\t\t\t\t\t\t<a href=\"https:\/\/www.hospitalelcalafate.gob.ar\/?p=2497\" target=\"_self\" rel=\"bookmark noopener noreferrer\" class='uagb-image-ratio-2-3'><img loading=\"lazy\" decoding=\"async\" width=\"800\" height=\"527\" src=\"https:\/\/www.hospitalelcalafate.gob.ar\/wp-content\/uploads\/2023\/09\/epf.png\" class=\"attachment-large size-large\" alt=\"\" srcset=\"https:\/\/www.hospitalelcalafate.gob.ar\/wp-content\/uploads\/2023\/09\/epf.png 800w, https:\/\/www.hospitalelcalafate.gob.ar\/wp-content\/uploads\/2023\/09\/epf-300x198.png 300w, https:\/\/www.hospitalelcalafate.gob.ar\/wp-content\/uploads\/2023\/09\/epf-768x506.png 768w\" sizes=\"auto, (max-width: 800px) 100vw, 800px\" \/>\t\t\t\t\t<\/a>\n\t\t\t\t\t\t\t<\/div>\n\t\t\t\t\t\t<h4 class=\"uagb-post__title uagb-post__text\">\n\t\t\t\t<a href=\"https:\/\/www.hospitalelcalafate.gob.ar\/?p=2497\" target=\"_self\" rel=\"bookmark noopener noreferrer\">Segunda jornada de Enfermedades Poco Frecuentes<\/a>\n\t\t\t<\/h4>\n\t\t\t\t\t\t<div class='uagb-post__text uagb-post-grid-byline'>\n\t\t\t\t\t\t\t\t<time datetime=\"2023-07-10T10:45:14-03:00\" class=\"uagb-post__date\">\n\t\t\t\t\t\t\t\t\t10 de julio de 2023\t\t\t\t<\/time>\n\t\t\t\t\t\t<\/div>\n\t\t\t\n\t\t\t\t\t\t\t\t\t<\/article>\n\t\t\t\t\t\t\t\t\t\t\t\t\t\t\t\t<article class=\"uagb-post__inner-wrap\">\t\t\t\t\t\t\t\t<div class='uagb-post__image'>\n\t\t\t\t\t\t\t\t\t<a href=\"https:\/\/www.hospitalelcalafate.gob.ar\/?p=2469\" target=\"_self\" rel=\"bookmark noopener noreferrer\" class='uagb-image-ratio-2-3'><img loading=\"lazy\" decoding=\"async\" width=\"800\" height=\"450\" src=\"https:\/\/www.hospitalelcalafate.gob.ar\/wp-content\/uploads\/2023\/09\/educando-emociones.jpg\" class=\"attachment-large size-large\" alt=\"\" srcset=\"https:\/\/www.hospitalelcalafate.gob.ar\/wp-content\/uploads\/2023\/09\/educando-emociones.jpg 800w, https:\/\/www.hospitalelcalafate.gob.ar\/wp-content\/uploads\/2023\/09\/educando-emociones-300x169.jpg 300w, https:\/\/www.hospitalelcalafate.gob.ar\/wp-content\/uploads\/2023\/09\/educando-emociones-768x432.jpg 768w\" sizes=\"auto, (max-width: 800px) 100vw, 800px\" \/>\t\t\t\t\t<\/a>\n\t\t\t\t\t\t\t<\/div>\n\t\t\t\t\t\t<h4 class=\"uagb-post__title uagb-post__text\">\n\t\t\t\t<a href=\"https:\/\/www.hospitalelcalafate.gob.ar\/?p=2469\" target=\"_self\" rel=\"bookmark noopener noreferrer\">Educando las emociones<\/a>\n\t\t\t<\/h4>\n\t\t\t\t\t\t<div class='uagb-post__text uagb-post-grid-byline'>\n\t\t\t\t\t\t\t\t<time datetime=\"2023-07-06T12:15:41-03:00\" class=\"uagb-post__date\">\n\t\t\t\t\t\t\t\t\t6 de julio de 2023\t\t\t\t<\/time>\n\t\t\t\t\t\t<\/div>\n\t\t\t\n\t\t\t\t\t\t\t\t\t<\/article>\n\t\t\t\t\t\t\t\t\t\t\t\t\t\t\t\t<article class=\"uagb-post__inner-wrap\">\t\t\t\t\t\t\t\t<div class='uagb-post__image'>\n\t\t\t\t\t\t\t\t\t<a href=\"https:\/\/www.hospitalelcalafate.gob.ar\/?p=2459\" target=\"_self\" rel=\"bookmark noopener noreferrer\" class='uagb-image-ratio-2-3'><img loading=\"lazy\" decoding=\"async\" width=\"762\" height=\"194\" src=\"https:\/\/www.hospitalelcalafate.gob.ar\/wp-content\/uploads\/2023\/09\/desarrollo-nino.jpg\" class=\"attachment-large size-large\" alt=\"\" srcset=\"https:\/\/www.hospitalelcalafate.gob.ar\/wp-content\/uploads\/2023\/09\/desarrollo-nino.jpg 762w, https:\/\/www.hospitalelcalafate.gob.ar\/wp-content\/uploads\/2023\/09\/desarrollo-nino-300x76.jpg 300w\" sizes=\"auto, (max-width: 762px) 100vw, 762px\" \/>\t\t\t\t\t<\/a>\n\t\t\t\t\t\t\t<\/div>\n\t\t\t\t\t\t<h4 class=\"uagb-post__title uagb-post__text\">\n\t\t\t\t<a href=\"https:\/\/www.hospitalelcalafate.gob.ar\/?p=2459\" target=\"_self\" rel=\"bookmark noopener noreferrer\">Desarrollo Psicomotor desde el nacimiento al a\u00f1o<\/a>\n\t\t\t<\/h4>\n\t\t\t\t\t\t<div class='uagb-post__text uagb-post-grid-byline'>\n\t\t\t\t\t\t\t\t<time datetime=\"2023-06-19T09:00:14-03:00\" class=\"uagb-post__date\">\n\t\t\t\t\t\t\t\t\t19 de junio de 2023\t\t\t\t<\/time>\n\t\t\t\t\t\t<\/div>\n\t\t\t\n\t\t\t\t\t\t\t\t\t<\/article>\n\t\t\t\t\t\t\t\t\t\t\t\t\t<div class=\"uagb-post-pagination-wrap\">\n\t\t\t\t\t\t<span class=\"page-numbers current\">1<\/span>\n<a class=\"page-numbers\" href=\"https:\/\/www.hospitalelcalafate.gob.ar\/index.php?rest_route=%2Fwp%2Fv2%2Fpages%2F2434&#038;paged=2\">2<\/a>\n<a class=\"next page-numbers\" href=\"https:\/\/www.hospitalelcalafate.gob.ar\/index.php?rest_route=%2Fwp%2Fv2%2Fpages%2F2434&#038;paged=2\"> \u00bb<\/a>\t\t\t\t\t<\/div>\n\t\t\t\t\t\t\t\t<\/div>\n\t\t\t<\/div><\/div>\n","protected":false},"excerpt":{"rendered":"","protected":false},"author":3,"featured_media":0,"parent":0,"menu_order":0,"comment_status":"closed","ping_status":"closed","template":"","meta":{"_eb_attr":"","_uag_custom_page_level_css":"","advgb_blocks_editor_width":"","advgb_blocks_columns_visual_guide":"","site-sidebar-layout":"default","site-content-layout":"","ast-site-content-layout":"default","site-content-style":"default","site-sidebar-style":"default","ast-global-header-display":"","ast-banner-title-visibility":"","ast-main-header-display":"","ast-hfb-above-header-display":"","ast-hfb-below-header-display":"","ast-hfb-mobile-header-display":"","site-post-title":"disabled","ast-breadcrumbs-content":"","ast-featured-img":"","footer-sml-layout":"","theme-transparent-header-meta":"","adv-header-id-meta":"","stick-header-meta":"","header-above-stick-meta":"","header-main-stick-meta":"","header-below-stick-meta":"","astra-migrate-meta-layouts":"set","ast-page-background-enabled":"default","ast-page-background-meta":{"desktop":{"background-color":"var(--ast-global-color-4)","background-image":"","background-repeat":"repeat","background-position":"center center","background-size":"auto","background-attachment":"scroll","background-type":"","background-media":"","overlay-type":"","overlay-color":"","overlay-opacity":"","overlay-gradient":""},"tablet":{"background-color":"","background-image":"","background-repeat":"repeat","background-position":"center center","background-size":"auto","background-attachment":"scroll","background-type":"","background-media":"","overlay-type":"","overlay-color":"","overlay-opacity":"","overlay-gradient":""},"mobile":{"background-color":"","background-image":"","background-repeat":"repeat","background-position":"center center","background-size":"auto","background-attachment":"scroll","background-type":"","background-media":"","overlay-type":"","overlay-color":"","overlay-opacity":"","overlay-gradient":""}},"ast-content-background-meta":{"desktop":{"background-color":"var(--ast-global-color-5)","background-image":"","background-repeat":"repeat","background-position":"center center","background-size":"auto","background-attachment":"scroll","background-type":"","background-media":"","overlay-type":"","overlay-color":"","overlay-opacity":"","overlay-gradient":""},"tablet":{"background-color":"var(--ast-global-color-5)","background-image":"","background-repeat":"repeat","background-position":"center center","background-size":"auto","background-attachment":"scroll","background-type":"","background-media":"","overlay-type":"","overlay-color":"","overlay-opacity":"","overlay-gradient":""},"mobile":{"background-color":"var(--ast-global-color-5)","background-image":"","background-repeat":"repeat","background-position":"center center","background-size":"auto","background-attachment":"scroll","background-type":"","background-media":"","overlay-type":"","overlay-color":"","overlay-opacity":"","overlay-gradient":""}},"footnotes":""},"class_list":["post-2434","page","type-page","status-publish","hentry"],"uagb_featured_image_src":{"full":false,"thumbnail":false,"medium":false,"medium_large":false,"large":false,"1536x1536":false,"2048x2048":false},"uagb_author_info":{"display_name":"Comunicaci\u00f3n","author_link":"https:\/\/www.hospitalelcalafate.gob.ar\/?author=3"},"uagb_comment_info":0,"uagb_excerpt":null,"coauthors":[],"author_meta":{"author_link":"https:\/\/www.hospitalelcalafate.gob.ar\/?author=3","display_name":"Comunicaci\u00f3n"},"relative_dates":{"created":"Publicado 3 a\u00f1os hace","modified":"Actualizado 2 a\u00f1os hace"},"absolute_dates":{"created":"Publicado el 4 de septiembre de 2023","modified":"Actualizado el 29 de julio de 2024"},"absolute_dates_time":{"created":"Publicado el 4 de septiembre de 2023 1:45 pm","modified":"Actualizado el 29 de julio de 2024 8:34 am"},"featured_img_caption":"","featured_img":false,"series_order":"","_links":{"self":[{"href":"https:\/\/www.hospitalelcalafate.gob.ar\/index.php?rest_route=\/wp\/v2\/pages\/2434","targetHints":{"allow":["GET"]}}],"collection":[{"href":"https:\/\/www.hospitalelcalafate.gob.ar\/index.php?rest_route=\/wp\/v2\/pages"}],"about":[{"href":"https:\/\/www.hospitalelcalafate.gob.ar\/index.php?rest_route=\/wp\/v2\/types\/page"}],"author":[{"embeddable":true,"href":"https:\/\/www.hospitalelcalafate.gob.ar\/index.php?rest_route=\/wp\/v2\/users\/3"}],"replies":[{"embeddable":true,"href":"https:\/\/www.hospitalelcalafate.gob.ar\/index.php?rest_route=%2Fwp%2Fv2%2Fcomments&post=2434"}],"version-history":[{"count":14,"href":"https:\/\/www.hospitalelcalafate.gob.ar\/index.php?rest_route=\/wp\/v2\/pages\/2434\/revisions"}],"predecessor-version":[{"id":3538,"href":"https:\/\/www.hospitalelcalafate.gob.ar\/index.php?rest_route=\/wp\/v2\/pages\/2434\/revisions\/3538"}],"wp:attachment":[{"href":"https:\/\/www.hospitalelcalafate.gob.ar\/index.php?rest_route=%2Fwp%2Fv2%2Fmedia&parent=2434"}],"curies":[{"name":"wp","href":"https:\/\/api.w.org\/{rel}","templated":true}]}}